{"id":60450,"date":"2020-04-12T22:15:01","date_gmt":"2020-04-12T21:15:01","guid":{"rendered":"https:\/\/www.huruguen.fr\/site\/?post_type=portfolio&#038;p=60450"},"modified":"2026-03-13T01:19:05","modified_gmt":"2026-03-13T00:19:05","slug":"photographe-portrait-corporate-bordeaux","status":"publish","type":"portfolio","link":"https:\/\/www.huruguen.fr\/site\/portfolio\/photographe-portrait-corporate-bordeaux\/","title":{"rendered":"Portrait Corporate"},"content":{"rendered":"\n<h2 class=\"wp-block-heading\">Photographe de Portraits pour les professionnels<\/h2>\n\n\n\n<div style=\"height:40px\" aria-hidden=\"true\" class=\"wp-block-spacer\"><\/div>\n\n\n\n<p>Pour devenir un bon entrepreneur ou un bon dirigeant, vous avez besoin de <strong>mettre en avant votre image<\/strong> et la pr\u00e9senter sous son meilleur profil !<\/p>\n\n\n\n<div style=\"height:30px\" aria-hidden=\"true\" class=\"wp-block-spacer\"><\/div>\n\n\n\n<p>Que vous soyez un entrepreneur individuel, une start-up, une association ou une entreprise mature, confiez la r\u00e9alisation des portraits de votre \u00e9quipe \u00e0 un <strong style=\"user-select: auto;\">professionnel de l&rsquo;image<\/strong> qui saura vous mettre en valeur et vous accompagner.<\/p>\n\n\n\n<div style=\"height:40px\" aria-hidden=\"true\" class=\"wp-block-spacer\"><\/div>\n\n\n\n<h2 class=\"wp-block-heading\">Photographe de portrait corporate \u00e0 Bordeaux.<\/h2>\n\n\n\n<p><\/p>\n","protected":false},"excerpt":{"rendered":"<p>Photographe de Portraits pour les professionnels Pour devenir un bon entrepreneur ou un bon dirigeant, vous avez besoin de mettre en avant votre image et la pr\u00e9senter sous son meilleur profil ! Que vous soyez un entrepreneur individuel, une start-up, &hellip; <a href=\"https:\/\/www.huruguen.fr\/site\/portfolio\/photographe-portrait-corporate-bordeaux\/\">Lire la suite<\/a><\/p>\n","protected":false},"author":1,"featured_media":55781,"menu_order":0,"comment_status":"closed","ping_status":"closed","template":"","meta":{"kt_blocks_editor_width":""},"portfolio-type":[3207,2789],"class_list":["post-60450","portfolio","type-portfolio","status-publish","has-post-thumbnail","hentry","portfolio-type-entreprise","portfolio-type-professionnels"],"yoast_head":"<!-- This site is optimized with the Yoast SEO plugin v27.4 - https:\/\/yoast.com\/product\/yoast-seo-wordpress\/ -->\n<title>Portrait Corporate - Photographe Professionnel \u00e0 Bordeaux &#x1f4f7; Sebastien Huruguen<\/title>\n<meta name=\"description\" content=\"Photographe professionnel de portraits corporate \u00e0 Bordeaux. S\u00e9baastien Huruguen, services photo pour les entreprises et les entrepreneurs.\" \/>\n<meta name=\"robots\" content=\"index, follow, max-snippet:-1, max-image-preview:large, max-video-preview:-1\" \/>\n<link rel=\"canonical\" href=\"https:\/\/www.huruguen.fr\/site\/portfolio\/photographe-portrait-corporate-bordeaux\/\" \/>\n<meta property=\"og:locale\" content=\"fr_FR\" \/>\n<meta property=\"og:type\" content=\"article\" \/>\n<meta property=\"og:title\" content=\"Portrait Corporate - Photographe Professionnel \u00e0 Bordeaux &#x1f4f7; Sebastien Huruguen\" \/>\n<meta property=\"og:description\" content=\"Photographe professionnel de portraits corporate \u00e0 Bordeaux. S\u00e9baastien Huruguen, services photo pour les entreprises et les entrepreneurs.\" \/>\n<meta property=\"og:url\" content=\"https:\/\/www.huruguen.fr\/site\/portfolio\/photographe-portrait-corporate-bordeaux\/\" \/>\n<meta property=\"og:site_name\" content=\"Photographe Professionnel \u00e0 Bordeaux &#x1f4f7; Sebastien Huruguen\" \/>\n<meta property=\"article:publisher\" content=\"https:\/\/www.facebook.com\/huruguen\" \/>\n<meta property=\"article:modified_time\" content=\"2026-03-13T00:19:05+00:00\" \/>\n<meta property=\"og:image\" content=\"https:\/\/www.huruguen.fr\/site\/wp-content\/uploads\/2017\/12\/sebastien-huruguen-photographe-bordeaux-portrait-professionnel-entreprise-communication-gare-saint-jean-halle-1.jpg\" \/>\n\t<meta property=\"og:image:width\" content=\"1500\" \/>\n\t<meta property=\"og:image:height\" content=\"1000\" \/>\n\t<meta property=\"og:image:type\" content=\"image\/jpeg\" \/>\n<meta name=\"twitter:card\" content=\"summary_large_image\" \/>\n<meta name=\"twitter:site\" content=\"@www_huruguen_fr\" \/>\n<meta name=\"twitter:label1\" content=\"Dur\u00e9e de lecture estim\u00e9e\" \/>\n\t<meta name=\"twitter:data1\" content=\"1 minute\" \/>\n<script type=\"application\/ld+json\" class=\"yoast-schema-graph\">{\"@context\":\"https:\\\/\\\/schema.org\",\"@graph\":[{\"@type\":\"WebPage\",\"@id\":\"https:\\\/\\\/www.huruguen.fr\\\/site\\\/portfolio\\\/photographe-portrait-corporate-bordeaux\\\/\",\"url\":\"https:\\\/\\\/www.huruguen.fr\\\/site\\\/portfolio\\\/photographe-portrait-corporate-bordeaux\\\/\",\"name\":\"Portrait Corporate - Photographe Professionnel \u00e0 Bordeaux &#x1f4f7; Sebastien Huruguen\",\"isPartOf\":{\"@id\":\"https:\\\/\\\/www.huruguen.fr\\\/site\\\/#website\"},\"primaryImageOfPage\":{\"@id\":\"https:\\\/\\\/www.huruguen.fr\\\/site\\\/portfolio\\\/photographe-portrait-corporate-bordeaux\\\/#primaryimage\"},\"image\":{\"@id\":\"https:\\\/\\\/www.huruguen.fr\\\/site\\\/portfolio\\\/photographe-portrait-corporate-bordeaux\\\/#primaryimage\"},\"thumbnailUrl\":\"https:\\\/\\\/www.huruguen.fr\\\/site\\\/wp-content\\\/uploads\\\/2017\\\/12\\\/sebastien-huruguen-photographe-bordeaux-portrait-professionnel-entreprise-communication-gare-saint-jean-halle-1.jpg\",\"datePublished\":\"2020-04-12T21:15:01+00:00\",\"dateModified\":\"2026-03-13T00:19:05+00:00\",\"description\":\"Photographe professionnel de portraits corporate \u00e0 Bordeaux. S\u00e9baastien Huruguen, services photo pour les entreprises et les entrepreneurs.\",\"breadcrumb\":{\"@id\":\"https:\\\/\\\/www.huruguen.fr\\\/site\\\/portfolio\\\/photographe-portrait-corporate-bordeaux\\\/#breadcrumb\"},\"inLanguage\":\"fr-FR\",\"potentialAction\":[{\"@type\":\"ReadAction\",\"target\":[\"https:\\\/\\\/www.huruguen.fr\\\/site\\\/portfolio\\\/photographe-portrait-corporate-bordeaux\\\/\"]}]},{\"@type\":\"ImageObject\",\"inLanguage\":\"fr-FR\",\"@id\":\"https:\\\/\\\/www.huruguen.fr\\\/site\\\/portfolio\\\/photographe-portrait-corporate-bordeaux\\\/#primaryimage\",\"url\":\"https:\\\/\\\/www.huruguen.fr\\\/site\\\/wp-content\\\/uploads\\\/2017\\\/12\\\/sebastien-huruguen-photographe-bordeaux-portrait-professionnel-entreprise-communication-gare-saint-jean-halle-1.jpg\",\"contentUrl\":\"https:\\\/\\\/www.huruguen.fr\\\/site\\\/wp-content\\\/uploads\\\/2017\\\/12\\\/sebastien-huruguen-photographe-bordeaux-portrait-professionnel-entreprise-communication-gare-saint-jean-halle-1.jpg\",\"width\":1500,\"height\":1000,\"caption\":\"sebastien-huruguen-photographe-bordeaux-portrait-professionnel-entreprise-communication-gare-saint-jean-halle-1\"},{\"@type\":\"BreadcrumbList\",\"@id\":\"https:\\\/\\\/www.huruguen.fr\\\/site\\\/portfolio\\\/photographe-portrait-corporate-bordeaux\\\/#breadcrumb\",\"itemListElement\":[{\"@type\":\"ListItem\",\"position\":1,\"name\":\"Accueil\",\"item\":\"https:\\\/\\\/www.huruguen.fr\\\/site\\\/\"},{\"@type\":\"ListItem\",\"position\":2,\"name\":\"Portrait Corporate\"}]},{\"@type\":\"WebSite\",\"@id\":\"https:\\\/\\\/www.huruguen.fr\\\/site\\\/#website\",\"url\":\"https:\\\/\\\/www.huruguen.fr\\\/site\\\/\",\"name\":\"Photographe Professionnel \u00e0 Bordeaux Sebastien Huruguen\",\"description\":\"Photographe professionnel ind\u00e9pendant a Bordeaux. Prestations et services photograpphiques pour les professionnels et particuliers : reportages, s\u00e9ances photos, studio, packshot.\",\"publisher\":{\"@id\":\"https:\\\/\\\/www.huruguen.fr\\\/site\\\/#organization\"},\"potentialAction\":[{\"@type\":\"SearchAction\",\"target\":{\"@type\":\"EntryPoint\",\"urlTemplate\":\"https:\\\/\\\/www.huruguen.fr\\\/site\\\/?s={search_term_string}\"},\"query-input\":{\"@type\":\"PropertyValueSpecification\",\"valueRequired\":true,\"valueName\":\"search_term_string\"}}],\"inLanguage\":\"fr-FR\"},{\"@type\":\"Organization\",\"@id\":\"https:\\\/\\\/www.huruguen.fr\\\/site\\\/#organization\",\"name\":\"S\u00e9bastien Huruguen Photographe\",\"url\":\"https:\\\/\\\/www.huruguen.fr\\\/site\\\/\",\"logo\":{\"@type\":\"ImageObject\",\"inLanguage\":\"fr-FR\",\"@id\":\"https:\\\/\\\/www.huruguen.fr\\\/site\\\/#\\\/schema\\\/logo\\\/image\\\/\",\"url\":\"https:\\\/\\\/www.huruguen.fr\\\/site\\\/wp-content\\\/uploads\\\/2018\\\/03\\\/Logo-Huruguen-triptique-2018-noir-1500.jpg\",\"contentUrl\":\"https:\\\/\\\/www.huruguen.fr\\\/site\\\/wp-content\\\/uploads\\\/2018\\\/03\\\/Logo-Huruguen-triptique-2018-noir-1500.jpg\",\"width\":1500,\"height\":1500,\"caption\":\"S\u00e9bastien Huruguen Photographe\"},\"image\":{\"@id\":\"https:\\\/\\\/www.huruguen.fr\\\/site\\\/#\\\/schema\\\/logo\\\/image\\\/\"},\"sameAs\":[\"https:\\\/\\\/www.facebook.com\\\/huruguen\",\"https:\\\/\\\/x.com\\\/www_huruguen_fr\",\"https:\\\/\\\/www.instagram.com\\\/sebastien.huruguen\\\/\"]}]}<\/script>\n<!-- \/ Yoast SEO plugin. -->","yoast_head_json":{"title":"Portrait Corporate - Photographe Professionnel \u00e0 Bordeaux &#x1f4f7; Sebastien Huruguen","description":"Photographe professionnel de portraits corporate \u00e0 Bordeaux. S\u00e9baastien Huruguen, services photo pour les entreprises et les entrepreneurs.","robots":{"index":"index","follow":"follow","max-snippet":"max-snippet:-1","max-image-preview":"max-image-preview:large","max-video-preview":"max-video-preview:-1"},"canonical":"https:\/\/www.huruguen.fr\/site\/portfolio\/photographe-portrait-corporate-bordeaux\/","og_locale":"fr_FR","og_type":"article","og_title":"Portrait Corporate - Photographe Professionnel \u00e0 Bordeaux &#x1f4f7; Sebastien Huruguen","og_description":"Photographe professionnel de portraits corporate \u00e0 Bordeaux. S\u00e9baastien Huruguen, services photo pour les entreprises et les entrepreneurs.","og_url":"https:\/\/www.huruguen.fr\/site\/portfolio\/photographe-portrait-corporate-bordeaux\/","og_site_name":"Photographe Professionnel \u00e0 Bordeaux &#x1f4f7; Sebastien Huruguen","article_publisher":"https:\/\/www.facebook.com\/huruguen","article_modified_time":"2026-03-13T00:19:05+00:00","og_image":[{"width":1500,"height":1000,"url":"https:\/\/www.huruguen.fr\/site\/wp-content\/uploads\/2017\/12\/sebastien-huruguen-photographe-bordeaux-portrait-professionnel-entreprise-communication-gare-saint-jean-halle-1.jpg","type":"image\/jpeg"}],"twitter_card":"summary_large_image","twitter_site":"@www_huruguen_fr","twitter_misc":{"Dur\u00e9e de lecture estim\u00e9e":"1 minute"},"schema":{"@context":"https:\/\/schema.org","@graph":[{"@type":"WebPage","@id":"https:\/\/www.huruguen.fr\/site\/portfolio\/photographe-portrait-corporate-bordeaux\/","url":"https:\/\/www.huruguen.fr\/site\/portfolio\/photographe-portrait-corporate-bordeaux\/","name":"Portrait Corporate - Photographe Professionnel \u00e0 Bordeaux &#x1f4f7; Sebastien Huruguen","isPartOf":{"@id":"https:\/\/www.huruguen.fr\/site\/#website"},"primaryImageOfPage":{"@id":"https:\/\/www.huruguen.fr\/site\/portfolio\/photographe-portrait-corporate-bordeaux\/#primaryimage"},"image":{"@id":"https:\/\/www.huruguen.fr\/site\/portfolio\/photographe-portrait-corporate-bordeaux\/#primaryimage"},"thumbnailUrl":"https:\/\/www.huruguen.fr\/site\/wp-content\/uploads\/2017\/12\/sebastien-huruguen-photographe-bordeaux-portrait-professionnel-entreprise-communication-gare-saint-jean-halle-1.jpg","datePublished":"2020-04-12T21:15:01+00:00","dateModified":"2026-03-13T00:19:05+00:00","description":"Photographe professionnel de portraits corporate \u00e0 Bordeaux. S\u00e9baastien Huruguen, services photo pour les entreprises et les entrepreneurs.","breadcrumb":{"@id":"https:\/\/www.huruguen.fr\/site\/portfolio\/photographe-portrait-corporate-bordeaux\/#breadcrumb"},"inLanguage":"fr-FR","potentialAction":[{"@type":"ReadAction","target":["https:\/\/www.huruguen.fr\/site\/portfolio\/photographe-portrait-corporate-bordeaux\/"]}]},{"@type":"ImageObject","inLanguage":"fr-FR","@id":"https:\/\/www.huruguen.fr\/site\/portfolio\/photographe-portrait-corporate-bordeaux\/#primaryimage","url":"https:\/\/www.huruguen.fr\/site\/wp-content\/uploads\/2017\/12\/sebastien-huruguen-photographe-bordeaux-portrait-professionnel-entreprise-communication-gare-saint-jean-halle-1.jpg","contentUrl":"https:\/\/www.huruguen.fr\/site\/wp-content\/uploads\/2017\/12\/sebastien-huruguen-photographe-bordeaux-portrait-professionnel-entreprise-communication-gare-saint-jean-halle-1.jpg","width":1500,"height":1000,"caption":"sebastien-huruguen-photographe-bordeaux-portrait-professionnel-entreprise-communication-gare-saint-jean-halle-1"},{"@type":"BreadcrumbList","@id":"https:\/\/www.huruguen.fr\/site\/portfolio\/photographe-portrait-corporate-bordeaux\/#breadcrumb","itemListElement":[{"@type":"ListItem","position":1,"name":"Accueil","item":"https:\/\/www.huruguen.fr\/site\/"},{"@type":"ListItem","position":2,"name":"Portrait Corporate"}]},{"@type":"WebSite","@id":"https:\/\/www.huruguen.fr\/site\/#website","url":"https:\/\/www.huruguen.fr\/site\/","name":"Photographe Professionnel \u00e0 Bordeaux Sebastien Huruguen","description":"Photographe professionnel ind\u00e9pendant a Bordeaux. Prestations et services photograpphiques pour les professionnels et particuliers : reportages, s\u00e9ances photos, studio, packshot.","publisher":{"@id":"https:\/\/www.huruguen.fr\/site\/#organization"},"potentialAction":[{"@type":"SearchAction","target":{"@type":"EntryPoint","urlTemplate":"https:\/\/www.huruguen.fr\/site\/?s={search_term_string}"},"query-input":{"@type":"PropertyValueSpecification","valueRequired":true,"valueName":"search_term_string"}}],"inLanguage":"fr-FR"},{"@type":"Organization","@id":"https:\/\/www.huruguen.fr\/site\/#organization","name":"S\u00e9bastien Huruguen Photographe","url":"https:\/\/www.huruguen.fr\/site\/","logo":{"@type":"ImageObject","inLanguage":"fr-FR","@id":"https:\/\/www.huruguen.fr\/site\/#\/schema\/logo\/image\/","url":"https:\/\/www.huruguen.fr\/site\/wp-content\/uploads\/2018\/03\/Logo-Huruguen-triptique-2018-noir-1500.jpg","contentUrl":"https:\/\/www.huruguen.fr\/site\/wp-content\/uploads\/2018\/03\/Logo-Huruguen-triptique-2018-noir-1500.jpg","width":1500,"height":1500,"caption":"S\u00e9bastien Huruguen Photographe"},"image":{"@id":"https:\/\/www.huruguen.fr\/site\/#\/schema\/logo\/image\/"},"sameAs":["https:\/\/www.facebook.com\/huruguen","https:\/\/x.com\/www_huruguen_fr","https:\/\/www.instagram.com\/sebastien.huruguen\/"]}]}},"_links":{"self":[{"href":"https:\/\/www.huruguen.fr\/site\/wp-json\/wp\/v2\/portfolio\/60450","targetHints":{"allow":["GET"]}}],"collection":[{"href":"https:\/\/www.huruguen.fr\/site\/wp-json\/wp\/v2\/portfolio"}],"about":[{"href":"https:\/\/www.huruguen.fr\/site\/wp-json\/wp\/v2\/types\/portfolio"}],"author":[{"embeddable":true,"href":"https:\/\/www.huruguen.fr\/site\/wp-json\/wp\/v2\/users\/1"}],"replies":[{"embeddable":true,"href":"https:\/\/www.huruguen.fr\/site\/wp-json\/wp\/v2\/comments?post=60450"}],"wp:featuredmedia":[{"embeddable":true,"href":"https:\/\/www.huruguen.fr\/site\/wp-json\/wp\/v2\/media\/55781"}],"wp:attachment":[{"href":"https:\/\/www.huruguen.fr\/site\/wp-json\/wp\/v2\/media?parent=60450"}],"wp:term":[{"taxonomy":"portfolio-type","embeddable":true,"href":"https:\/\/www.huruguen.fr\/site\/wp-json\/wp\/v2\/portfolio-type?post=60450"}],"curies":[{"name":"wp","href":"https:\/\/api.w.org\/{rel}","templated":true}]}}