{"id":54382,"date":"2016-08-02T13:23:11","date_gmt":"2016-08-02T12:23:11","guid":{"rendered":"http:\/\/www.huruguen.fr\/site\/?post_type=portfolio&#038;p=54382"},"modified":"2022-08-17T10:27:18","modified_gmt":"2022-08-17T09:27:18","slug":"photographe-soiree-privee-bordeaux","status":"publish","type":"portfolio","link":"https:\/\/www.huruguen.fr\/site\/portfolio\/photographe-soiree-privee-bordeaux\/","title":{"rendered":"Photographe Soir\u00e9e Priv\u00e9e"},"content":{"rendered":"<h2 style=\"user-select: auto;\">Certains \u00e9v\u00e9nements\u00a0sont m\u00e9morables<\/h2>\n<p style=\"user-select: auto;\">Vous organisez une <strong style=\"user-select: auto;\">soir\u00e9e priv\u00e9e<\/strong> pour un anniversaire, une r\u00e9union de famille ou un \u00e9v\u00e9nement particulier.<\/p>\n<p style=\"user-select: auto;\">Vous souhaitez<strong style=\"user-select: auto;\"> immortaliser<\/strong> cet \u00e9v\u00e9nement et laisser un <strong style=\"user-select: auto;\">souvenir<\/strong> \u00e0 vos invit\u00e9s.<\/p>\n<p style=\"user-select: auto;\">Je r\u00e9alise la<strong style=\"user-select: auto;\"> couverture<\/strong> de votre soir\u00e9e\u00a0sous la forme d&rsquo;un\u00a0<strong style=\"user-select: auto;\">reportage<\/strong> photographique pour retranscrire l&rsquo;ambiance de votre \u00e9v\u00e9nement.<\/p>\n<p style=\"user-select: auto;\">Il est \u00e9galement possible de r\u00e9aliser en plus une <strong style=\"user-select: auto;\">animation studio photo<\/strong> avec des flashs de studio pour un \u00e9clairage professionnel.<\/p>\n<h3 style=\"user-select: auto;\">Un photographe professionnel pour votre soir\u00e9e priv\u00e9e<\/h3>\n","protected":false},"excerpt":{"rendered":"<p>Certains \u00e9v\u00e9nements\u00a0sont m\u00e9morables Vous organisez une soir\u00e9e priv\u00e9e pour un anniversaire, une r\u00e9union de famille ou un \u00e9v\u00e9nement particulier. Vous souhaitez immortaliser cet \u00e9v\u00e9nement et laisser un souvenir \u00e0 vos invit\u00e9s. Je r\u00e9alise la couverture de votre soir\u00e9e\u00a0sous la forme &hellip; <a href=\"https:\/\/www.huruguen.fr\/site\/portfolio\/photographe-soiree-privee-bordeaux\/\">Lire la suite<\/a><\/p>\n","protected":false},"author":1,"featured_media":54383,"menu_order":0,"comment_status":"closed","ping_status":"closed","template":"","meta":{"kt_blocks_editor_width":""},"portfolio-type":[2788],"class_list":["post-54382","portfolio","type-portfolio","status-publish","has-post-thumbnail","hentry","portfolio-type-particuliers"],"yoast_head":"<!-- This site is optimized with the Yoast SEO plugin v27.4 - https:\/\/yoast.com\/product\/yoast-seo-wordpress\/ -->\n<title>Photographe Soir\u00e9e Priv\u00e9e - Photographe Professionnel \u00e0 Bordeaux &#x1f4f7; Sebastien Huruguen<\/title>\n<meta name=\"description\" content=\"S\u00e9bastien Huruguen Photographe Professionnel \u00e0 Bordeaux vous propose ses services de photographe de soir\u00e9e priv\u00e9e. On n&#039;organise pas tous les jours une soir\u00e9e exceptionnelle, pour f\u00eater un \u00e9v\u00e9nement familial, un anniversaire ou une occasion importante pour laquelle vous souhaitez conserver de superbes photos souvenir\" \/>\n<meta name=\"robots\" content=\"index, follow, max-snippet:-1, max-image-preview:large, max-video-preview:-1\" \/>\n<link rel=\"canonical\" href=\"https:\/\/www.huruguen.fr\/site\/portfolio\/photographe-soiree-privee-bordeaux\/\" \/>\n<meta property=\"og:locale\" content=\"fr_FR\" \/>\n<meta property=\"og:type\" content=\"article\" \/>\n<meta property=\"og:title\" content=\"Photographe Soir\u00e9e Priv\u00e9e - Photographe Professionnel \u00e0 Bordeaux &#x1f4f7; Sebastien Huruguen\" \/>\n<meta property=\"og:description\" content=\"S\u00e9bastien Huruguen Photographe Professionnel \u00e0 Bordeaux vous propose ses services de photographe de soir\u00e9e priv\u00e9e. On n&#039;organise pas tous les jours une soir\u00e9e exceptionnelle, pour f\u00eater un \u00e9v\u00e9nement familial, un anniversaire ou une occasion importante pour laquelle vous souhaitez conserver de superbes photos souvenir\" \/>\n<meta property=\"og:url\" content=\"https:\/\/www.huruguen.fr\/site\/portfolio\/photographe-soiree-privee-bordeaux\/\" \/>\n<meta property=\"og:site_name\" content=\"Photographe Professionnel \u00e0 Bordeaux &#x1f4f7; Sebastien Huruguen\" \/>\n<meta property=\"article:publisher\" content=\"https:\/\/www.facebook.com\/huruguen\" \/>\n<meta property=\"article:modified_time\" content=\"2022-08-17T09:27:18+00:00\" \/>\n<meta property=\"og:image\" content=\"https:\/\/www.huruguen.fr\/site\/wp-content\/uploads\/2016\/08\/photographe-bordeaux-soiree-privee-evenementiel-sebastien-huruguen-photo-bar.jpg\" \/>\n\t<meta property=\"og:image:width\" content=\"1500\" \/>\n\t<meta property=\"og:image:height\" content=\"1000\" \/>\n\t<meta property=\"og:image:type\" content=\"image\/jpeg\" \/>\n<meta name=\"twitter:card\" content=\"summary_large_image\" \/>\n<meta name=\"twitter:site\" content=\"@www_huruguen_fr\" \/>\n<meta name=\"twitter:label1\" content=\"Dur\u00e9e de lecture estim\u00e9e\" \/>\n\t<meta name=\"twitter:data1\" content=\"1 minute\" \/>\n<script type=\"application\/ld+json\" class=\"yoast-schema-graph\">{\"@context\":\"https:\\\/\\\/schema.org\",\"@graph\":[{\"@type\":\"WebPage\",\"@id\":\"https:\\\/\\\/www.huruguen.fr\\\/site\\\/portfolio\\\/photographe-soiree-privee-bordeaux\\\/\",\"url\":\"https:\\\/\\\/www.huruguen.fr\\\/site\\\/portfolio\\\/photographe-soiree-privee-bordeaux\\\/\",\"name\":\"Photographe Soir\u00e9e Priv\u00e9e - Photographe Professionnel \u00e0 Bordeaux &#x1f4f7; Sebastien Huruguen\",\"isPartOf\":{\"@id\":\"https:\\\/\\\/www.huruguen.fr\\\/site\\\/#website\"},\"primaryImageOfPage\":{\"@id\":\"https:\\\/\\\/www.huruguen.fr\\\/site\\\/portfolio\\\/photographe-soiree-privee-bordeaux\\\/#primaryimage\"},\"image\":{\"@id\":\"https:\\\/\\\/www.huruguen.fr\\\/site\\\/portfolio\\\/photographe-soiree-privee-bordeaux\\\/#primaryimage\"},\"thumbnailUrl\":\"https:\\\/\\\/www.huruguen.fr\\\/site\\\/wp-content\\\/uploads\\\/2016\\\/08\\\/photographe-bordeaux-soiree-privee-evenementiel-sebastien-huruguen-photo-bar.jpg\",\"datePublished\":\"2016-08-02T12:23:11+00:00\",\"dateModified\":\"2022-08-17T09:27:18+00:00\",\"description\":\"S\u00e9bastien Huruguen Photographe Professionnel \u00e0 Bordeaux vous propose ses services de photographe de soir\u00e9e priv\u00e9e. On n'organise pas tous les jours une soir\u00e9e exceptionnelle, pour f\u00eater un \u00e9v\u00e9nement familial, un anniversaire ou une occasion importante pour laquelle vous souhaitez conserver de superbes photos souvenir\",\"breadcrumb\":{\"@id\":\"https:\\\/\\\/www.huruguen.fr\\\/site\\\/portfolio\\\/photographe-soiree-privee-bordeaux\\\/#breadcrumb\"},\"inLanguage\":\"fr-FR\",\"potentialAction\":[{\"@type\":\"ReadAction\",\"target\":[\"https:\\\/\\\/www.huruguen.fr\\\/site\\\/portfolio\\\/photographe-soiree-privee-bordeaux\\\/\"]}]},{\"@type\":\"ImageObject\",\"inLanguage\":\"fr-FR\",\"@id\":\"https:\\\/\\\/www.huruguen.fr\\\/site\\\/portfolio\\\/photographe-soiree-privee-bordeaux\\\/#primaryimage\",\"url\":\"https:\\\/\\\/www.huruguen.fr\\\/site\\\/wp-content\\\/uploads\\\/2016\\\/08\\\/photographe-bordeaux-soiree-privee-evenementiel-sebastien-huruguen-photo-bar.jpg\",\"contentUrl\":\"https:\\\/\\\/www.huruguen.fr\\\/site\\\/wp-content\\\/uploads\\\/2016\\\/08\\\/photographe-bordeaux-soiree-privee-evenementiel-sebastien-huruguen-photo-bar.jpg\",\"width\":1500,\"height\":1000,\"caption\":\"Une jolie barmaid serveuse servant des cocktails et drinks derri\u00e8re le bar lors d'une soir\u00e9e priv\u00e9e dans le centre ville de Bordeaux\"},{\"@type\":\"BreadcrumbList\",\"@id\":\"https:\\\/\\\/www.huruguen.fr\\\/site\\\/portfolio\\\/photographe-soiree-privee-bordeaux\\\/#breadcrumb\",\"itemListElement\":[{\"@type\":\"ListItem\",\"position\":1,\"name\":\"Accueil\",\"item\":\"https:\\\/\\\/www.huruguen.fr\\\/site\\\/\"},{\"@type\":\"ListItem\",\"position\":2,\"name\":\"Photographe Soir\u00e9e Priv\u00e9e\"}]},{\"@type\":\"WebSite\",\"@id\":\"https:\\\/\\\/www.huruguen.fr\\\/site\\\/#website\",\"url\":\"https:\\\/\\\/www.huruguen.fr\\\/site\\\/\",\"name\":\"Photographe Professionnel \u00e0 Bordeaux Sebastien Huruguen\",\"description\":\"Photographe professionnel ind\u00e9pendant a Bordeaux. Prestations et services photograpphiques pour les professionnels et particuliers : reportages, s\u00e9ances photos, studio, packshot.\",\"publisher\":{\"@id\":\"https:\\\/\\\/www.huruguen.fr\\\/site\\\/#organization\"},\"potentialAction\":[{\"@type\":\"SearchAction\",\"target\":{\"@type\":\"EntryPoint\",\"urlTemplate\":\"https:\\\/\\\/www.huruguen.fr\\\/site\\\/?s={search_term_string}\"},\"query-input\":{\"@type\":\"PropertyValueSpecification\",\"valueRequired\":true,\"valueName\":\"search_term_string\"}}],\"inLanguage\":\"fr-FR\"},{\"@type\":\"Organization\",\"@id\":\"https:\\\/\\\/www.huruguen.fr\\\/site\\\/#organization\",\"name\":\"S\u00e9bastien Huruguen Photographe\",\"url\":\"https:\\\/\\\/www.huruguen.fr\\\/site\\\/\",\"logo\":{\"@type\":\"ImageObject\",\"inLanguage\":\"fr-FR\",\"@id\":\"https:\\\/\\\/www.huruguen.fr\\\/site\\\/#\\\/schema\\\/logo\\\/image\\\/\",\"url\":\"https:\\\/\\\/www.huruguen.fr\\\/site\\\/wp-content\\\/uploads\\\/2018\\\/03\\\/Logo-Huruguen-triptique-2018-noir-1500.jpg\",\"contentUrl\":\"https:\\\/\\\/www.huruguen.fr\\\/site\\\/wp-content\\\/uploads\\\/2018\\\/03\\\/Logo-Huruguen-triptique-2018-noir-1500.jpg\",\"width\":1500,\"height\":1500,\"caption\":\"S\u00e9bastien Huruguen Photographe\"},\"image\":{\"@id\":\"https:\\\/\\\/www.huruguen.fr\\\/site\\\/#\\\/schema\\\/logo\\\/image\\\/\"},\"sameAs\":[\"https:\\\/\\\/www.facebook.com\\\/huruguen\",\"https:\\\/\\\/x.com\\\/www_huruguen_fr\",\"https:\\\/\\\/www.instagram.com\\\/sebastien.huruguen\\\/\"]}]}<\/script>\n<!-- \/ Yoast SEO plugin. -->","yoast_head_json":{"title":"Photographe Soir\u00e9e Priv\u00e9e - Photographe Professionnel \u00e0 Bordeaux &#x1f4f7; Sebastien Huruguen","description":"S\u00e9bastien Huruguen Photographe Professionnel \u00e0 Bordeaux vous propose ses services de photographe de soir\u00e9e priv\u00e9e. On n'organise pas tous les jours une soir\u00e9e exceptionnelle, pour f\u00eater un \u00e9v\u00e9nement familial, un anniversaire ou une occasion importante pour laquelle vous souhaitez conserver de superbes photos souvenir","robots":{"index":"index","follow":"follow","max-snippet":"max-snippet:-1","max-image-preview":"max-image-preview:large","max-video-preview":"max-video-preview:-1"},"canonical":"https:\/\/www.huruguen.fr\/site\/portfolio\/photographe-soiree-privee-bordeaux\/","og_locale":"fr_FR","og_type":"article","og_title":"Photographe Soir\u00e9e Priv\u00e9e - Photographe Professionnel \u00e0 Bordeaux &#x1f4f7; Sebastien Huruguen","og_description":"S\u00e9bastien Huruguen Photographe Professionnel \u00e0 Bordeaux vous propose ses services de photographe de soir\u00e9e priv\u00e9e. On n'organise pas tous les jours une soir\u00e9e exceptionnelle, pour f\u00eater un \u00e9v\u00e9nement familial, un anniversaire ou une occasion importante pour laquelle vous souhaitez conserver de superbes photos souvenir","og_url":"https:\/\/www.huruguen.fr\/site\/portfolio\/photographe-soiree-privee-bordeaux\/","og_site_name":"Photographe Professionnel \u00e0 Bordeaux &#x1f4f7; Sebastien Huruguen","article_publisher":"https:\/\/www.facebook.com\/huruguen","article_modified_time":"2022-08-17T09:27:18+00:00","og_image":[{"width":1500,"height":1000,"url":"https:\/\/www.huruguen.fr\/site\/wp-content\/uploads\/2016\/08\/photographe-bordeaux-soiree-privee-evenementiel-sebastien-huruguen-photo-bar.jpg","type":"image\/jpeg"}],"twitter_card":"summary_large_image","twitter_site":"@www_huruguen_fr","twitter_misc":{"Dur\u00e9e de lecture estim\u00e9e":"1 minute"},"schema":{"@context":"https:\/\/schema.org","@graph":[{"@type":"WebPage","@id":"https:\/\/www.huruguen.fr\/site\/portfolio\/photographe-soiree-privee-bordeaux\/","url":"https:\/\/www.huruguen.fr\/site\/portfolio\/photographe-soiree-privee-bordeaux\/","name":"Photographe Soir\u00e9e Priv\u00e9e - Photographe Professionnel \u00e0 Bordeaux &#x1f4f7; Sebastien Huruguen","isPartOf":{"@id":"https:\/\/www.huruguen.fr\/site\/#website"},"primaryImageOfPage":{"@id":"https:\/\/www.huruguen.fr\/site\/portfolio\/photographe-soiree-privee-bordeaux\/#primaryimage"},"image":{"@id":"https:\/\/www.huruguen.fr\/site\/portfolio\/photographe-soiree-privee-bordeaux\/#primaryimage"},"thumbnailUrl":"https:\/\/www.huruguen.fr\/site\/wp-content\/uploads\/2016\/08\/photographe-bordeaux-soiree-privee-evenementiel-sebastien-huruguen-photo-bar.jpg","datePublished":"2016-08-02T12:23:11+00:00","dateModified":"2022-08-17T09:27:18+00:00","description":"S\u00e9bastien Huruguen Photographe Professionnel \u00e0 Bordeaux vous propose ses services de photographe de soir\u00e9e priv\u00e9e. On n'organise pas tous les jours une soir\u00e9e exceptionnelle, pour f\u00eater un \u00e9v\u00e9nement familial, un anniversaire ou une occasion importante pour laquelle vous souhaitez conserver de superbes photos souvenir","breadcrumb":{"@id":"https:\/\/www.huruguen.fr\/site\/portfolio\/photographe-soiree-privee-bordeaux\/#breadcrumb"},"inLanguage":"fr-FR","potentialAction":[{"@type":"ReadAction","target":["https:\/\/www.huruguen.fr\/site\/portfolio\/photographe-soiree-privee-bordeaux\/"]}]},{"@type":"ImageObject","inLanguage":"fr-FR","@id":"https:\/\/www.huruguen.fr\/site\/portfolio\/photographe-soiree-privee-bordeaux\/#primaryimage","url":"https:\/\/www.huruguen.fr\/site\/wp-content\/uploads\/2016\/08\/photographe-bordeaux-soiree-privee-evenementiel-sebastien-huruguen-photo-bar.jpg","contentUrl":"https:\/\/www.huruguen.fr\/site\/wp-content\/uploads\/2016\/08\/photographe-bordeaux-soiree-privee-evenementiel-sebastien-huruguen-photo-bar.jpg","width":1500,"height":1000,"caption":"Une jolie barmaid serveuse servant des cocktails et drinks derri\u00e8re le bar lors d'une soir\u00e9e priv\u00e9e dans le centre ville de Bordeaux"},{"@type":"BreadcrumbList","@id":"https:\/\/www.huruguen.fr\/site\/portfolio\/photographe-soiree-privee-bordeaux\/#breadcrumb","itemListElement":[{"@type":"ListItem","position":1,"name":"Accueil","item":"https:\/\/www.huruguen.fr\/site\/"},{"@type":"ListItem","position":2,"name":"Photographe Soir\u00e9e Priv\u00e9e"}]},{"@type":"WebSite","@id":"https:\/\/www.huruguen.fr\/site\/#website","url":"https:\/\/www.huruguen.fr\/site\/","name":"Photographe Professionnel \u00e0 Bordeaux Sebastien Huruguen","description":"Photographe professionnel ind\u00e9pendant a Bordeaux. Prestations et services photograpphiques pour les professionnels et particuliers : reportages, s\u00e9ances photos, studio, packshot.","publisher":{"@id":"https:\/\/www.huruguen.fr\/site\/#organization"},"potentialAction":[{"@type":"SearchAction","target":{"@type":"EntryPoint","urlTemplate":"https:\/\/www.huruguen.fr\/site\/?s={search_term_string}"},"query-input":{"@type":"PropertyValueSpecification","valueRequired":true,"valueName":"search_term_string"}}],"inLanguage":"fr-FR"},{"@type":"Organization","@id":"https:\/\/www.huruguen.fr\/site\/#organization","name":"S\u00e9bastien Huruguen Photographe","url":"https:\/\/www.huruguen.fr\/site\/","logo":{"@type":"ImageObject","inLanguage":"fr-FR","@id":"https:\/\/www.huruguen.fr\/site\/#\/schema\/logo\/image\/","url":"https:\/\/www.huruguen.fr\/site\/wp-content\/uploads\/2018\/03\/Logo-Huruguen-triptique-2018-noir-1500.jpg","contentUrl":"https:\/\/www.huruguen.fr\/site\/wp-content\/uploads\/2018\/03\/Logo-Huruguen-triptique-2018-noir-1500.jpg","width":1500,"height":1500,"caption":"S\u00e9bastien Huruguen Photographe"},"image":{"@id":"https:\/\/www.huruguen.fr\/site\/#\/schema\/logo\/image\/"},"sameAs":["https:\/\/www.facebook.com\/huruguen","https:\/\/x.com\/www_huruguen_fr","https:\/\/www.instagram.com\/sebastien.huruguen\/"]}]}},"_links":{"self":[{"href":"https:\/\/www.huruguen.fr\/site\/wp-json\/wp\/v2\/portfolio\/54382","targetHints":{"allow":["GET"]}}],"collection":[{"href":"https:\/\/www.huruguen.fr\/site\/wp-json\/wp\/v2\/portfolio"}],"about":[{"href":"https:\/\/www.huruguen.fr\/site\/wp-json\/wp\/v2\/types\/portfolio"}],"author":[{"embeddable":true,"href":"https:\/\/www.huruguen.fr\/site\/wp-json\/wp\/v2\/users\/1"}],"replies":[{"embeddable":true,"href":"https:\/\/www.huruguen.fr\/site\/wp-json\/wp\/v2\/comments?post=54382"}],"wp:featuredmedia":[{"embeddable":true,"href":"https:\/\/www.huruguen.fr\/site\/wp-json\/wp\/v2\/media\/54383"}],"wp:attachment":[{"href":"https:\/\/www.huruguen.fr\/site\/wp-json\/wp\/v2\/media?parent=54382"}],"wp:term":[{"taxonomy":"portfolio-type","embeddable":true,"href":"https:\/\/www.huruguen.fr\/site\/wp-json\/wp\/v2\/portfolio-type?post=54382"}],"curies":[{"name":"wp","href":"https:\/\/api.w.org\/{rel}","templated":true}]}}