{"id":53839,"date":"2016-04-05T15:08:14","date_gmt":"2016-04-05T14:08:14","guid":{"rendered":"http:\/\/www.huruguen.fr\/site\/?post_type=portfolio&#038;p=53839"},"modified":"2025-03-11T22:18:17","modified_gmt":"2025-03-11T21:18:17","slug":"formation-photo-stage-initiation-photographe-bordeaux-photographe-pro","status":"publish","type":"portfolio","link":"https:\/\/www.huruguen.fr\/site\/portfolio\/formation-photo-stage-initiation-photographe-bordeaux-photographe-pro\/","title":{"rendered":"Stage d&rsquo;Initiation \u00e0 la Photographie"},"content":{"rendered":"\n<div style=\"height:40px\" aria-hidden=\"true\" class=\"wp-block-spacer\"><\/div>\n\n\n\n<h3 class=\"wp-block-heading\">Vous aimez la photo mais la technique et les nombreux r\u00e9glages de votre nouvel appareil vous font peur ?<\/h3>\n\n\n\n<div style=\"height:40px\" aria-hidden=\"true\" class=\"wp-block-spacer\"><\/div>\n\n\n\n<p>Vous d\u00e9sirez exploiter toutes les possibilit\u00e9s de votre appareil photo et progresser rapidement ?<br>Ce&nbsp;cours photo est fait pour vous !<\/p>\n\n\n\n<p>Ce stage d&rsquo;initiation de 2h est propos\u00e9 en petit groupe et accompagn\u00e9 par un photographe professionnel dipl\u00f4m\u00e9 du BTS photographie.<br>Vous apprendrez en douceur les bases de la photo et serez capable d\u2019\u00eatre autonome avec votre appareil pour un maximum de plaisir.<\/p>\n\n\n\n<div style=\"height:40px\" aria-hidden=\"true\" class=\"wp-block-spacer\"><\/div>\n\n\n\n<h5 class=\"wp-block-heading\">La photo n\u2019aura plus de secrets pour vous !<\/h5>\n\n\n\n<ul class=\"wp-block-list\">\n<li>Comprendre la notion et les principes de l\u2019exposition<\/li>\n\n\n\n<li>Apprendre \u00e0 utiliser les modes manuels<\/li>\n\n\n\n<li>Ma\u00eetriser la mise au point sur diff\u00e9rents types de sujets (fixes, proches, mobiles)<\/li>\n\n\n\n<li>Appr\u00e9hender la profondeur de champ<\/li>\n\n\n\n<li>Contr\u00f4ler le rendu des couleurs<\/li>\n\n\n\n<li>Savoir affiner votre exposition<\/li>\n\n\n\n<li>Savoir adapter les r\u00e9glages de votre appareil en fonction du rendu d\u00e9sir\u00e9, des conditions de prises de vues et du sujet<\/li>\n\n\n\n<li>Conna\u00eetre les r\u00e8gles de composition et de cadrage<\/li>\n\n\n\n<li>Analyser en groupe des photos<\/li>\n\n\n\n<li>D\u00e9couvrir l\u2019environnement d\u2019accessoires (objectifs, flashs, tr\u00e9pieds, etc.)<\/li>\n<\/ul>\n\n\n\n<div style=\"height:40px\" aria-hidden=\"true\" class=\"wp-block-spacer\"><\/div>\n\n\n\n<h5 class=\"wp-block-heading\">Cette formation photo est divis\u00e9e en trois \u00e9tapes.<\/h5>\n\n\n\n<ul class=\"wp-block-list\">\n<li>La premi\u00e8re \u00e9tape est l\u2019occasion de faire connaissance,\u00a0de\u00a0pr\u00e9senter les premi\u00e8res notions et faire une premi\u00e8re s\u00e9rie d\u2019exercices afin de cibler les besoins de chacun.<br>Cette premi\u00e8re \u00e9tape est\u00a0consacr\u00e9e \u00e0 la d\u00e9couverte et la compr\u00e9hension des notions fondamentales li\u00e9es \u00e0 l\u2019utilisation d\u2019un appareil photo.<\/li>\n\n\n\n<li>La deuxi\u00e8me&nbsp;\u00e9tape est consacr\u00e9e \u00e0&nbsp;la pratique. Une s\u00e9rie d\u2019exercices ludiques sur des cas concrets vous permettent de mettre en pratique toutes les notions vues lors de la premi\u00e8re partie et de corriger les d\u00e9fauts. Vous aurez tout le loisir de vous exercer et de r\u00e9aliser des photos !<\/li>\n\n\n\n<li>La troisi\u00e8me \u00e9tape permet de faire le point sur les acquis ou les incompr\u00e9hensions mis en lumi\u00e8re lors de la pratique. On\u00a0analyse les images r\u00e9alis\u00e9es par chacun afin de les commenter en groupe pour d\u00e9tecter les petites erreurs \u00e0 corriger. C\u2019est l\u2019occasion\u00a0d\u2019\u00e9claircir les derni\u00e8re interrogations \u00a0pour vous permettre de profiter pleinement de\u00a0votre appareil photo et des ses\u00a0objectifs.<\/li>\n<\/ul>\n\n\n\n<p><\/p>\n\n\n\n<div style=\"height:40px\" aria-hidden=\"true\" class=\"wp-block-spacer\"><\/div>\n","protected":false},"excerpt":{"rendered":"<p>Vous aimez la photo mais la technique et les nombreux r\u00e9glages de votre nouvel appareil vous font peur ? Vous d\u00e9sirez exploiter toutes les possibilit\u00e9s de votre appareil photo et progresser rapidement ?Ce&nbsp;cours photo est fait pour vous ! Ce &hellip; <a href=\"https:\/\/www.huruguen.fr\/site\/portfolio\/formation-photo-stage-initiation-photographe-bordeaux-photographe-pro\/\">Lire la suite<\/a><\/p>\n","protected":false},"author":1,"featured_media":58969,"menu_order":0,"comment_status":"closed","ping_status":"closed","template":"","meta":{"kt_blocks_editor_width":""},"portfolio-type":[2788],"class_list":["post-53839","portfolio","type-portfolio","status-publish","has-post-thumbnail","hentry","portfolio-type-particuliers"],"yoast_head":"<!-- This site is optimized with the Yoast SEO plugin v27.4 - https:\/\/yoast.com\/product\/yoast-seo-wordpress\/ -->\n<title>Stage d&#039;Initiation \u00e0 la Photographie - Photographe Professionnel \u00e0 Bordeaux &#x1f4f7; Sebastien Huruguen<\/title>\n<meta name=\"description\" content=\"Un cours photo ludique et convivial avec un photographe professionnel dipl\u00f4m\u00e9, \u00e0 Bordeaux et sur la CUB pour seulement 75\u20ac par personne.\" \/>\n<meta name=\"robots\" content=\"index, follow, max-snippet:-1, max-image-preview:large, max-video-preview:-1\" \/>\n<link rel=\"canonical\" href=\"https:\/\/www.huruguen.fr\/site\/portfolio\/formation-photo-stage-initiation-photographe-bordeaux-photographe-pro\/\" \/>\n<meta property=\"og:locale\" content=\"fr_FR\" \/>\n<meta property=\"og:type\" content=\"article\" \/>\n<meta property=\"og:title\" content=\"Stage d&#039;Initiation \u00e0 la Photographie - Photographe Professionnel \u00e0 Bordeaux &#x1f4f7; Sebastien Huruguen\" \/>\n<meta property=\"og:description\" content=\"Un cours photo ludique et convivial avec un photographe professionnel dipl\u00f4m\u00e9, \u00e0 Bordeaux et sur la CUB pour seulement 75\u20ac par personne.\" \/>\n<meta property=\"og:url\" content=\"https:\/\/www.huruguen.fr\/site\/portfolio\/formation-photo-stage-initiation-photographe-bordeaux-photographe-pro\/\" \/>\n<meta property=\"og:site_name\" content=\"Photographe Professionnel \u00e0 Bordeaux &#x1f4f7; Sebastien Huruguen\" \/>\n<meta property=\"article:publisher\" content=\"https:\/\/www.facebook.com\/huruguen\" \/>\n<meta property=\"article:modified_time\" content=\"2025-03-11T21:18:17+00:00\" \/>\n<meta property=\"og:image\" content=\"https:\/\/www.huruguen.fr\/site\/wp-content\/uploads\/2010\/02\/Canon_EOS_7D_CF_Slot_View.jpg\" \/>\n\t<meta property=\"og:image:width\" content=\"800\" \/>\n\t<meta property=\"og:image:height\" content=\"533\" \/>\n\t<meta property=\"og:image:type\" content=\"image\/jpeg\" \/>\n<meta name=\"twitter:card\" content=\"summary_large_image\" \/>\n<meta name=\"twitter:site\" content=\"@www_huruguen_fr\" \/>\n<meta name=\"twitter:label1\" content=\"Dur\u00e9e de lecture estim\u00e9e\" \/>\n\t<meta name=\"twitter:data1\" content=\"2 minutes\" \/>\n<script type=\"application\/ld+json\" class=\"yoast-schema-graph\">{\"@context\":\"https:\\\/\\\/schema.org\",\"@graph\":[{\"@type\":\"WebPage\",\"@id\":\"https:\\\/\\\/www.huruguen.fr\\\/site\\\/portfolio\\\/formation-photo-stage-initiation-photographe-bordeaux-photographe-pro\\\/\",\"url\":\"https:\\\/\\\/www.huruguen.fr\\\/site\\\/portfolio\\\/formation-photo-stage-initiation-photographe-bordeaux-photographe-pro\\\/\",\"name\":\"Stage d'Initiation \u00e0 la Photographie - Photographe Professionnel \u00e0 Bordeaux &#x1f4f7; Sebastien Huruguen\",\"isPartOf\":{\"@id\":\"https:\\\/\\\/www.huruguen.fr\\\/site\\\/#website\"},\"primaryImageOfPage\":{\"@id\":\"https:\\\/\\\/www.huruguen.fr\\\/site\\\/portfolio\\\/formation-photo-stage-initiation-photographe-bordeaux-photographe-pro\\\/#primaryimage\"},\"image\":{\"@id\":\"https:\\\/\\\/www.huruguen.fr\\\/site\\\/portfolio\\\/formation-photo-stage-initiation-photographe-bordeaux-photographe-pro\\\/#primaryimage\"},\"thumbnailUrl\":\"https:\\\/\\\/www.huruguen.fr\\\/site\\\/wp-content\\\/uploads\\\/2010\\\/02\\\/Canon_EOS_7D_CF_Slot_View.jpg\",\"datePublished\":\"2016-04-05T14:08:14+00:00\",\"dateModified\":\"2025-03-11T21:18:17+00:00\",\"description\":\"Un cours photo ludique et convivial avec un photographe professionnel dipl\u00f4m\u00e9, \u00e0 Bordeaux et sur la CUB pour seulement 75\u20ac par personne.\",\"breadcrumb\":{\"@id\":\"https:\\\/\\\/www.huruguen.fr\\\/site\\\/portfolio\\\/formation-photo-stage-initiation-photographe-bordeaux-photographe-pro\\\/#breadcrumb\"},\"inLanguage\":\"fr-FR\",\"potentialAction\":[{\"@type\":\"ReadAction\",\"target\":[\"https:\\\/\\\/www.huruguen.fr\\\/site\\\/portfolio\\\/formation-photo-stage-initiation-photographe-bordeaux-photographe-pro\\\/\"]}]},{\"@type\":\"ImageObject\",\"inLanguage\":\"fr-FR\",\"@id\":\"https:\\\/\\\/www.huruguen.fr\\\/site\\\/portfolio\\\/formation-photo-stage-initiation-photographe-bordeaux-photographe-pro\\\/#primaryimage\",\"url\":\"https:\\\/\\\/www.huruguen.fr\\\/site\\\/wp-content\\\/uploads\\\/2010\\\/02\\\/Canon_EOS_7D_CF_Slot_View.jpg\",\"contentUrl\":\"https:\\\/\\\/www.huruguen.fr\\\/site\\\/wp-content\\\/uploads\\\/2010\\\/02\\\/Canon_EOS_7D_CF_Slot_View.jpg\",\"width\":800,\"height\":533},{\"@type\":\"BreadcrumbList\",\"@id\":\"https:\\\/\\\/www.huruguen.fr\\\/site\\\/portfolio\\\/formation-photo-stage-initiation-photographe-bordeaux-photographe-pro\\\/#breadcrumb\",\"itemListElement\":[{\"@type\":\"ListItem\",\"position\":1,\"name\":\"Accueil\",\"item\":\"https:\\\/\\\/www.huruguen.fr\\\/site\\\/\"},{\"@type\":\"ListItem\",\"position\":2,\"name\":\"Stage d&#8217;Initiation \u00e0 la Photographie\"}]},{\"@type\":\"WebSite\",\"@id\":\"https:\\\/\\\/www.huruguen.fr\\\/site\\\/#website\",\"url\":\"https:\\\/\\\/www.huruguen.fr\\\/site\\\/\",\"name\":\"Photographe Professionnel \u00e0 Bordeaux Sebastien Huruguen\",\"description\":\"Photographe professionnel ind\u00e9pendant a Bordeaux. Prestations et services photograpphiques pour les professionnels et particuliers : reportages, s\u00e9ances photos, studio, packshot.\",\"publisher\":{\"@id\":\"https:\\\/\\\/www.huruguen.fr\\\/site\\\/#organization\"},\"potentialAction\":[{\"@type\":\"SearchAction\",\"target\":{\"@type\":\"EntryPoint\",\"urlTemplate\":\"https:\\\/\\\/www.huruguen.fr\\\/site\\\/?s={search_term_string}\"},\"query-input\":{\"@type\":\"PropertyValueSpecification\",\"valueRequired\":true,\"valueName\":\"search_term_string\"}}],\"inLanguage\":\"fr-FR\"},{\"@type\":\"Organization\",\"@id\":\"https:\\\/\\\/www.huruguen.fr\\\/site\\\/#organization\",\"name\":\"S\u00e9bastien Huruguen Photographe\",\"url\":\"https:\\\/\\\/www.huruguen.fr\\\/site\\\/\",\"logo\":{\"@type\":\"ImageObject\",\"inLanguage\":\"fr-FR\",\"@id\":\"https:\\\/\\\/www.huruguen.fr\\\/site\\\/#\\\/schema\\\/logo\\\/image\\\/\",\"url\":\"https:\\\/\\\/www.huruguen.fr\\\/site\\\/wp-content\\\/uploads\\\/2018\\\/03\\\/Logo-Huruguen-triptique-2018-noir-1500.jpg\",\"contentUrl\":\"https:\\\/\\\/www.huruguen.fr\\\/site\\\/wp-content\\\/uploads\\\/2018\\\/03\\\/Logo-Huruguen-triptique-2018-noir-1500.jpg\",\"width\":1500,\"height\":1500,\"caption\":\"S\u00e9bastien Huruguen Photographe\"},\"image\":{\"@id\":\"https:\\\/\\\/www.huruguen.fr\\\/site\\\/#\\\/schema\\\/logo\\\/image\\\/\"},\"sameAs\":[\"https:\\\/\\\/www.facebook.com\\\/huruguen\",\"https:\\\/\\\/x.com\\\/www_huruguen_fr\",\"https:\\\/\\\/www.instagram.com\\\/sebastien.huruguen\\\/\"]}]}<\/script>\n<!-- \/ Yoast SEO plugin. -->","yoast_head_json":{"title":"Stage d'Initiation \u00e0 la Photographie - Photographe Professionnel \u00e0 Bordeaux &#x1f4f7; Sebastien Huruguen","description":"Un cours photo ludique et convivial avec un photographe professionnel dipl\u00f4m\u00e9, \u00e0 Bordeaux et sur la CUB pour seulement 75\u20ac par personne.","robots":{"index":"index","follow":"follow","max-snippet":"max-snippet:-1","max-image-preview":"max-image-preview:large","max-video-preview":"max-video-preview:-1"},"canonical":"https:\/\/www.huruguen.fr\/site\/portfolio\/formation-photo-stage-initiation-photographe-bordeaux-photographe-pro\/","og_locale":"fr_FR","og_type":"article","og_title":"Stage d'Initiation \u00e0 la Photographie - Photographe Professionnel \u00e0 Bordeaux &#x1f4f7; Sebastien Huruguen","og_description":"Un cours photo ludique et convivial avec un photographe professionnel dipl\u00f4m\u00e9, \u00e0 Bordeaux et sur la CUB pour seulement 75\u20ac par personne.","og_url":"https:\/\/www.huruguen.fr\/site\/portfolio\/formation-photo-stage-initiation-photographe-bordeaux-photographe-pro\/","og_site_name":"Photographe Professionnel \u00e0 Bordeaux &#x1f4f7; Sebastien Huruguen","article_publisher":"https:\/\/www.facebook.com\/huruguen","article_modified_time":"2025-03-11T21:18:17+00:00","og_image":[{"width":800,"height":533,"url":"https:\/\/www.huruguen.fr\/site\/wp-content\/uploads\/2010\/02\/Canon_EOS_7D_CF_Slot_View.jpg","type":"image\/jpeg"}],"twitter_card":"summary_large_image","twitter_site":"@www_huruguen_fr","twitter_misc":{"Dur\u00e9e de lecture estim\u00e9e":"2 minutes"},"schema":{"@context":"https:\/\/schema.org","@graph":[{"@type":"WebPage","@id":"https:\/\/www.huruguen.fr\/site\/portfolio\/formation-photo-stage-initiation-photographe-bordeaux-photographe-pro\/","url":"https:\/\/www.huruguen.fr\/site\/portfolio\/formation-photo-stage-initiation-photographe-bordeaux-photographe-pro\/","name":"Stage d'Initiation \u00e0 la Photographie - Photographe Professionnel \u00e0 Bordeaux &#x1f4f7; Sebastien Huruguen","isPartOf":{"@id":"https:\/\/www.huruguen.fr\/site\/#website"},"primaryImageOfPage":{"@id":"https:\/\/www.huruguen.fr\/site\/portfolio\/formation-photo-stage-initiation-photographe-bordeaux-photographe-pro\/#primaryimage"},"image":{"@id":"https:\/\/www.huruguen.fr\/site\/portfolio\/formation-photo-stage-initiation-photographe-bordeaux-photographe-pro\/#primaryimage"},"thumbnailUrl":"https:\/\/www.huruguen.fr\/site\/wp-content\/uploads\/2010\/02\/Canon_EOS_7D_CF_Slot_View.jpg","datePublished":"2016-04-05T14:08:14+00:00","dateModified":"2025-03-11T21:18:17+00:00","description":"Un cours photo ludique et convivial avec un photographe professionnel dipl\u00f4m\u00e9, \u00e0 Bordeaux et sur la CUB pour seulement 75\u20ac par personne.","breadcrumb":{"@id":"https:\/\/www.huruguen.fr\/site\/portfolio\/formation-photo-stage-initiation-photographe-bordeaux-photographe-pro\/#breadcrumb"},"inLanguage":"fr-FR","potentialAction":[{"@type":"ReadAction","target":["https:\/\/www.huruguen.fr\/site\/portfolio\/formation-photo-stage-initiation-photographe-bordeaux-photographe-pro\/"]}]},{"@type":"ImageObject","inLanguage":"fr-FR","@id":"https:\/\/www.huruguen.fr\/site\/portfolio\/formation-photo-stage-initiation-photographe-bordeaux-photographe-pro\/#primaryimage","url":"https:\/\/www.huruguen.fr\/site\/wp-content\/uploads\/2010\/02\/Canon_EOS_7D_CF_Slot_View.jpg","contentUrl":"https:\/\/www.huruguen.fr\/site\/wp-content\/uploads\/2010\/02\/Canon_EOS_7D_CF_Slot_View.jpg","width":800,"height":533},{"@type":"BreadcrumbList","@id":"https:\/\/www.huruguen.fr\/site\/portfolio\/formation-photo-stage-initiation-photographe-bordeaux-photographe-pro\/#breadcrumb","itemListElement":[{"@type":"ListItem","position":1,"name":"Accueil","item":"https:\/\/www.huruguen.fr\/site\/"},{"@type":"ListItem","position":2,"name":"Stage d&#8217;Initiation \u00e0 la Photographie"}]},{"@type":"WebSite","@id":"https:\/\/www.huruguen.fr\/site\/#website","url":"https:\/\/www.huruguen.fr\/site\/","name":"Photographe Professionnel \u00e0 Bordeaux Sebastien Huruguen","description":"Photographe professionnel ind\u00e9pendant a Bordeaux. Prestations et services photograpphiques pour les professionnels et particuliers : reportages, s\u00e9ances photos, studio, packshot.","publisher":{"@id":"https:\/\/www.huruguen.fr\/site\/#organization"},"potentialAction":[{"@type":"SearchAction","target":{"@type":"EntryPoint","urlTemplate":"https:\/\/www.huruguen.fr\/site\/?s={search_term_string}"},"query-input":{"@type":"PropertyValueSpecification","valueRequired":true,"valueName":"search_term_string"}}],"inLanguage":"fr-FR"},{"@type":"Organization","@id":"https:\/\/www.huruguen.fr\/site\/#organization","name":"S\u00e9bastien Huruguen Photographe","url":"https:\/\/www.huruguen.fr\/site\/","logo":{"@type":"ImageObject","inLanguage":"fr-FR","@id":"https:\/\/www.huruguen.fr\/site\/#\/schema\/logo\/image\/","url":"https:\/\/www.huruguen.fr\/site\/wp-content\/uploads\/2018\/03\/Logo-Huruguen-triptique-2018-noir-1500.jpg","contentUrl":"https:\/\/www.huruguen.fr\/site\/wp-content\/uploads\/2018\/03\/Logo-Huruguen-triptique-2018-noir-1500.jpg","width":1500,"height":1500,"caption":"S\u00e9bastien Huruguen Photographe"},"image":{"@id":"https:\/\/www.huruguen.fr\/site\/#\/schema\/logo\/image\/"},"sameAs":["https:\/\/www.facebook.com\/huruguen","https:\/\/x.com\/www_huruguen_fr","https:\/\/www.instagram.com\/sebastien.huruguen\/"]}]}},"_links":{"self":[{"href":"https:\/\/www.huruguen.fr\/site\/wp-json\/wp\/v2\/portfolio\/53839","targetHints":{"allow":["GET"]}}],"collection":[{"href":"https:\/\/www.huruguen.fr\/site\/wp-json\/wp\/v2\/portfolio"}],"about":[{"href":"https:\/\/www.huruguen.fr\/site\/wp-json\/wp\/v2\/types\/portfolio"}],"author":[{"embeddable":true,"href":"https:\/\/www.huruguen.fr\/site\/wp-json\/wp\/v2\/users\/1"}],"replies":[{"embeddable":true,"href":"https:\/\/www.huruguen.fr\/site\/wp-json\/wp\/v2\/comments?post=53839"}],"wp:featuredmedia":[{"embeddable":true,"href":"https:\/\/www.huruguen.fr\/site\/wp-json\/wp\/v2\/media\/58969"}],"wp:attachment":[{"href":"https:\/\/www.huruguen.fr\/site\/wp-json\/wp\/v2\/media?parent=53839"}],"wp:term":[{"taxonomy":"portfolio-type","embeddable":true,"href":"https:\/\/www.huruguen.fr\/site\/wp-json\/wp\/v2\/portfolio-type?post=53839"}],"curies":[{"name":"wp","href":"https:\/\/api.w.org\/{rel}","templated":true}]}}