{"id":53837,"date":"2016-04-05T14:54:55","date_gmt":"2016-04-05T13:54:55","guid":{"rendered":"http:\/\/www.huruguen.fr\/site\/?post_type=portfolio&#038;p=53837"},"modified":"2020-11-10T16:41:10","modified_gmt":"2020-11-10T15:41:10","slug":"photographe-bordeaux-presse-institutionnelle","status":"publish","type":"portfolio","link":"https:\/\/www.huruguen.fr\/site\/portfolio\/photographe-bordeaux-presse-institutionnelle\/","title":{"rendered":"Photographe Presse Institutionnelle"},"content":{"rendered":"\n<h2 class=\"wp-block-heading\">Photographe Presse et Reportages.<\/h2>\n\n\n\n<div style=\"height:50px\" aria-hidden=\"true\" class=\"wp-block-spacer\"><\/div>\n\n\n\n<p><strong>Sp\u00e9cialiste<\/strong> du reportage pour la <strong>presse institutionnelle<\/strong>, S\u00e9bastien Huruguen a collabor\u00e9 \u00e0 l<strong>&lsquo;illustration<\/strong> du magazine du <strong>Conseil G\u00e9n\u00e9ral<\/strong> du d\u00e9partement de la Gironde et au magazine mensuel de la <strong>ville de M\u00e9rignac<\/strong> pendant plusieurs ann\u00e9es.<\/p>\n\n\n\n<p>R\u00e9alisation de <strong>reportages<\/strong> sur commande, photographies documentaires, couverture d&rsquo;<strong>\u00e9v\u00e9nements<\/strong>, images d\u2019<strong>illustration<\/strong> pour diff\u00e9rents sujets.<\/p>\n\n\n\n<p>R\u00e9alisation de reportages <strong>cl\u00e9s en main,<\/strong> pr\u00eats \u00e0 \u00eatre utilis\u00e9s.<\/p>\n\n\n\n<p>Presse institutionnelle, quotidienne, hebdomadaire, mensuelle.<\/p>\n\n\n\n<div style=\"height:50px\" aria-hidden=\"true\" class=\"wp-block-spacer\"><\/div>\n","protected":false},"excerpt":{"rendered":"<p>Photographe Presse et Reportages. Sp\u00e9cialiste du reportage pour la presse institutionnelle, S\u00e9bastien Huruguen a collabor\u00e9 \u00e0 l&lsquo;illustration du magazine du Conseil G\u00e9n\u00e9ral du d\u00e9partement de la Gironde et au magazine mensuel de la ville de M\u00e9rignac pendant plusieurs ann\u00e9es. R\u00e9alisation &hellip; <a href=\"https:\/\/www.huruguen.fr\/site\/portfolio\/photographe-bordeaux-presse-institutionnelle\/\">Lire la suite<\/a><\/p>\n","protected":false},"author":1,"featured_media":58691,"menu_order":0,"comment_status":"closed","ping_status":"closed","template":"","meta":{"kt_blocks_editor_width":""},"portfolio-type":[3207,2789],"class_list":["post-53837","portfolio","type-portfolio","status-publish","has-post-thumbnail","hentry","portfolio-type-entreprise","portfolio-type-professionnels"],"yoast_head":"<!-- This site is optimized with the Yoast SEO plugin v27.4 - https:\/\/yoast.com\/product\/yoast-seo-wordpress\/ -->\n<title>Photographe Presse Institutionnelle - Photographe Professionnel \u00e0 Bordeaux &#x1f4f7; Sebastien Huruguen<\/title>\n<meta name=\"description\" content=\"Photographe presse institutionnelle en Gironde, photographies documentaires, reportages photos. S\u00e9bastien Huruguen photographe professionnel \u00e0 Bordeaux.\" \/>\n<meta name=\"robots\" content=\"index, follow, max-snippet:-1, max-image-preview:large, max-video-preview:-1\" \/>\n<link rel=\"canonical\" href=\"https:\/\/www.huruguen.fr\/site\/portfolio\/photographe-bordeaux-presse-institutionnelle\/\" \/>\n<meta property=\"og:locale\" content=\"fr_FR\" \/>\n<meta property=\"og:type\" content=\"article\" \/>\n<meta property=\"og:title\" content=\"Photographe Presse Institutionnelle - Photographe Professionnel \u00e0 Bordeaux &#x1f4f7; Sebastien Huruguen\" \/>\n<meta property=\"og:description\" content=\"Photographe presse institutionnelle en Gironde, photographies documentaires, reportages photos. S\u00e9bastien Huruguen photographe professionnel \u00e0 Bordeaux.\" \/>\n<meta property=\"og:url\" content=\"https:\/\/www.huruguen.fr\/site\/portfolio\/photographe-bordeaux-presse-institutionnelle\/\" \/>\n<meta property=\"og:site_name\" content=\"Photographe Professionnel \u00e0 Bordeaux &#x1f4f7; Sebastien Huruguen\" \/>\n<meta property=\"article:publisher\" content=\"https:\/\/www.facebook.com\/huruguen\" \/>\n<meta property=\"article:modified_time\" content=\"2020-11-10T15:41:10+00:00\" \/>\n<meta property=\"og:image\" content=\"https:\/\/www.huruguen.fr\/site\/wp-content\/uploads\/2014\/04\/Gironde-n\u00b0106.png\" \/>\n\t<meta property=\"og:image:width\" content=\"624\" \/>\n\t<meta property=\"og:image:height\" content=\"831\" \/>\n\t<meta property=\"og:image:type\" content=\"image\/png\" \/>\n<meta name=\"twitter:card\" content=\"summary_large_image\" \/>\n<meta name=\"twitter:site\" content=\"@www_huruguen_fr\" \/>\n<script type=\"application\/ld+json\" class=\"yoast-schema-graph\">{\"@context\":\"https:\\\/\\\/schema.org\",\"@graph\":[{\"@type\":\"WebPage\",\"@id\":\"https:\\\/\\\/www.huruguen.fr\\\/site\\\/portfolio\\\/photographe-bordeaux-presse-institutionnelle\\\/\",\"url\":\"https:\\\/\\\/www.huruguen.fr\\\/site\\\/portfolio\\\/photographe-bordeaux-presse-institutionnelle\\\/\",\"name\":\"Photographe Presse Institutionnelle - Photographe Professionnel \u00e0 Bordeaux &#x1f4f7; Sebastien Huruguen\",\"isPartOf\":{\"@id\":\"https:\\\/\\\/www.huruguen.fr\\\/site\\\/#website\"},\"primaryImageOfPage\":{\"@id\":\"https:\\\/\\\/www.huruguen.fr\\\/site\\\/portfolio\\\/photographe-bordeaux-presse-institutionnelle\\\/#primaryimage\"},\"image\":{\"@id\":\"https:\\\/\\\/www.huruguen.fr\\\/site\\\/portfolio\\\/photographe-bordeaux-presse-institutionnelle\\\/#primaryimage\"},\"thumbnailUrl\":\"https:\\\/\\\/www.huruguen.fr\\\/site\\\/wp-content\\\/uploads\\\/2014\\\/04\\\/Gironde-n\u00b0106.png\",\"datePublished\":\"2016-04-05T13:54:55+00:00\",\"dateModified\":\"2020-11-10T15:41:10+00:00\",\"description\":\"Photographe presse institutionnelle en Gironde, photographies documentaires, reportages photos. S\u00e9bastien Huruguen photographe professionnel \u00e0 Bordeaux.\",\"breadcrumb\":{\"@id\":\"https:\\\/\\\/www.huruguen.fr\\\/site\\\/portfolio\\\/photographe-bordeaux-presse-institutionnelle\\\/#breadcrumb\"},\"inLanguage\":\"fr-FR\",\"potentialAction\":[{\"@type\":\"ReadAction\",\"target\":[\"https:\\\/\\\/www.huruguen.fr\\\/site\\\/portfolio\\\/photographe-bordeaux-presse-institutionnelle\\\/\"]}]},{\"@type\":\"ImageObject\",\"inLanguage\":\"fr-FR\",\"@id\":\"https:\\\/\\\/www.huruguen.fr\\\/site\\\/portfolio\\\/photographe-bordeaux-presse-institutionnelle\\\/#primaryimage\",\"url\":\"https:\\\/\\\/www.huruguen.fr\\\/site\\\/wp-content\\\/uploads\\\/2014\\\/04\\\/Gironde-n\u00b0106.png\",\"contentUrl\":\"https:\\\/\\\/www.huruguen.fr\\\/site\\\/wp-content\\\/uploads\\\/2014\\\/04\\\/Gironde-n\u00b0106.png\",\"width\":624,\"height\":831,\"caption\":\"Gironde-n\u00b0106\"},{\"@type\":\"BreadcrumbList\",\"@id\":\"https:\\\/\\\/www.huruguen.fr\\\/site\\\/portfolio\\\/photographe-bordeaux-presse-institutionnelle\\\/#breadcrumb\",\"itemListElement\":[{\"@type\":\"ListItem\",\"position\":1,\"name\":\"Accueil\",\"item\":\"https:\\\/\\\/www.huruguen.fr\\\/site\\\/\"},{\"@type\":\"ListItem\",\"position\":2,\"name\":\"Photographe Presse Institutionnelle\"}]},{\"@type\":\"WebSite\",\"@id\":\"https:\\\/\\\/www.huruguen.fr\\\/site\\\/#website\",\"url\":\"https:\\\/\\\/www.huruguen.fr\\\/site\\\/\",\"name\":\"Photographe Professionnel \u00e0 Bordeaux Sebastien Huruguen\",\"description\":\"Photographe professionnel ind\u00e9pendant a Bordeaux. Prestations et services photograpphiques pour les professionnels et particuliers : reportages, s\u00e9ances photos, studio, packshot.\",\"publisher\":{\"@id\":\"https:\\\/\\\/www.huruguen.fr\\\/site\\\/#organization\"},\"potentialAction\":[{\"@type\":\"SearchAction\",\"target\":{\"@type\":\"EntryPoint\",\"urlTemplate\":\"https:\\\/\\\/www.huruguen.fr\\\/site\\\/?s={search_term_string}\"},\"query-input\":{\"@type\":\"PropertyValueSpecification\",\"valueRequired\":true,\"valueName\":\"search_term_string\"}}],\"inLanguage\":\"fr-FR\"},{\"@type\":\"Organization\",\"@id\":\"https:\\\/\\\/www.huruguen.fr\\\/site\\\/#organization\",\"name\":\"S\u00e9bastien Huruguen Photographe\",\"url\":\"https:\\\/\\\/www.huruguen.fr\\\/site\\\/\",\"logo\":{\"@type\":\"ImageObject\",\"inLanguage\":\"fr-FR\",\"@id\":\"https:\\\/\\\/www.huruguen.fr\\\/site\\\/#\\\/schema\\\/logo\\\/image\\\/\",\"url\":\"https:\\\/\\\/www.huruguen.fr\\\/site\\\/wp-content\\\/uploads\\\/2018\\\/03\\\/Logo-Huruguen-triptique-2018-noir-1500.jpg\",\"contentUrl\":\"https:\\\/\\\/www.huruguen.fr\\\/site\\\/wp-content\\\/uploads\\\/2018\\\/03\\\/Logo-Huruguen-triptique-2018-noir-1500.jpg\",\"width\":1500,\"height\":1500,\"caption\":\"S\u00e9bastien Huruguen Photographe\"},\"image\":{\"@id\":\"https:\\\/\\\/www.huruguen.fr\\\/site\\\/#\\\/schema\\\/logo\\\/image\\\/\"},\"sameAs\":[\"https:\\\/\\\/www.facebook.com\\\/huruguen\",\"https:\\\/\\\/x.com\\\/www_huruguen_fr\",\"https:\\\/\\\/www.instagram.com\\\/sebastien.huruguen\\\/\"]}]}<\/script>\n<!-- \/ Yoast SEO plugin. -->","yoast_head_json":{"title":"Photographe Presse Institutionnelle - Photographe Professionnel \u00e0 Bordeaux &#x1f4f7; Sebastien Huruguen","description":"Photographe presse institutionnelle en Gironde, photographies documentaires, reportages photos. S\u00e9bastien Huruguen photographe professionnel \u00e0 Bordeaux.","robots":{"index":"index","follow":"follow","max-snippet":"max-snippet:-1","max-image-preview":"max-image-preview:large","max-video-preview":"max-video-preview:-1"},"canonical":"https:\/\/www.huruguen.fr\/site\/portfolio\/photographe-bordeaux-presse-institutionnelle\/","og_locale":"fr_FR","og_type":"article","og_title":"Photographe Presse Institutionnelle - Photographe Professionnel \u00e0 Bordeaux &#x1f4f7; Sebastien Huruguen","og_description":"Photographe presse institutionnelle en Gironde, photographies documentaires, reportages photos. S\u00e9bastien Huruguen photographe professionnel \u00e0 Bordeaux.","og_url":"https:\/\/www.huruguen.fr\/site\/portfolio\/photographe-bordeaux-presse-institutionnelle\/","og_site_name":"Photographe Professionnel \u00e0 Bordeaux &#x1f4f7; Sebastien Huruguen","article_publisher":"https:\/\/www.facebook.com\/huruguen","article_modified_time":"2020-11-10T15:41:10+00:00","og_image":[{"width":624,"height":831,"url":"https:\/\/www.huruguen.fr\/site\/wp-content\/uploads\/2014\/04\/Gironde-n\u00b0106.png","type":"image\/png"}],"twitter_card":"summary_large_image","twitter_site":"@www_huruguen_fr","schema":{"@context":"https:\/\/schema.org","@graph":[{"@type":"WebPage","@id":"https:\/\/www.huruguen.fr\/site\/portfolio\/photographe-bordeaux-presse-institutionnelle\/","url":"https:\/\/www.huruguen.fr\/site\/portfolio\/photographe-bordeaux-presse-institutionnelle\/","name":"Photographe Presse Institutionnelle - Photographe Professionnel \u00e0 Bordeaux &#x1f4f7; Sebastien Huruguen","isPartOf":{"@id":"https:\/\/www.huruguen.fr\/site\/#website"},"primaryImageOfPage":{"@id":"https:\/\/www.huruguen.fr\/site\/portfolio\/photographe-bordeaux-presse-institutionnelle\/#primaryimage"},"image":{"@id":"https:\/\/www.huruguen.fr\/site\/portfolio\/photographe-bordeaux-presse-institutionnelle\/#primaryimage"},"thumbnailUrl":"https:\/\/www.huruguen.fr\/site\/wp-content\/uploads\/2014\/04\/Gironde-n\u00b0106.png","datePublished":"2016-04-05T13:54:55+00:00","dateModified":"2020-11-10T15:41:10+00:00","description":"Photographe presse institutionnelle en Gironde, photographies documentaires, reportages photos. S\u00e9bastien Huruguen photographe professionnel \u00e0 Bordeaux.","breadcrumb":{"@id":"https:\/\/www.huruguen.fr\/site\/portfolio\/photographe-bordeaux-presse-institutionnelle\/#breadcrumb"},"inLanguage":"fr-FR","potentialAction":[{"@type":"ReadAction","target":["https:\/\/www.huruguen.fr\/site\/portfolio\/photographe-bordeaux-presse-institutionnelle\/"]}]},{"@type":"ImageObject","inLanguage":"fr-FR","@id":"https:\/\/www.huruguen.fr\/site\/portfolio\/photographe-bordeaux-presse-institutionnelle\/#primaryimage","url":"https:\/\/www.huruguen.fr\/site\/wp-content\/uploads\/2014\/04\/Gironde-n\u00b0106.png","contentUrl":"https:\/\/www.huruguen.fr\/site\/wp-content\/uploads\/2014\/04\/Gironde-n\u00b0106.png","width":624,"height":831,"caption":"Gironde-n\u00b0106"},{"@type":"BreadcrumbList","@id":"https:\/\/www.huruguen.fr\/site\/portfolio\/photographe-bordeaux-presse-institutionnelle\/#breadcrumb","itemListElement":[{"@type":"ListItem","position":1,"name":"Accueil","item":"https:\/\/www.huruguen.fr\/site\/"},{"@type":"ListItem","position":2,"name":"Photographe Presse Institutionnelle"}]},{"@type":"WebSite","@id":"https:\/\/www.huruguen.fr\/site\/#website","url":"https:\/\/www.huruguen.fr\/site\/","name":"Photographe Professionnel \u00e0 Bordeaux Sebastien Huruguen","description":"Photographe professionnel ind\u00e9pendant a Bordeaux. Prestations et services photograpphiques pour les professionnels et particuliers : reportages, s\u00e9ances photos, studio, packshot.","publisher":{"@id":"https:\/\/www.huruguen.fr\/site\/#organization"},"potentialAction":[{"@type":"SearchAction","target":{"@type":"EntryPoint","urlTemplate":"https:\/\/www.huruguen.fr\/site\/?s={search_term_string}"},"query-input":{"@type":"PropertyValueSpecification","valueRequired":true,"valueName":"search_term_string"}}],"inLanguage":"fr-FR"},{"@type":"Organization","@id":"https:\/\/www.huruguen.fr\/site\/#organization","name":"S\u00e9bastien Huruguen Photographe","url":"https:\/\/www.huruguen.fr\/site\/","logo":{"@type":"ImageObject","inLanguage":"fr-FR","@id":"https:\/\/www.huruguen.fr\/site\/#\/schema\/logo\/image\/","url":"https:\/\/www.huruguen.fr\/site\/wp-content\/uploads\/2018\/03\/Logo-Huruguen-triptique-2018-noir-1500.jpg","contentUrl":"https:\/\/www.huruguen.fr\/site\/wp-content\/uploads\/2018\/03\/Logo-Huruguen-triptique-2018-noir-1500.jpg","width":1500,"height":1500,"caption":"S\u00e9bastien Huruguen Photographe"},"image":{"@id":"https:\/\/www.huruguen.fr\/site\/#\/schema\/logo\/image\/"},"sameAs":["https:\/\/www.facebook.com\/huruguen","https:\/\/x.com\/www_huruguen_fr","https:\/\/www.instagram.com\/sebastien.huruguen\/"]}]}},"_links":{"self":[{"href":"https:\/\/www.huruguen.fr\/site\/wp-json\/wp\/v2\/portfolio\/53837","targetHints":{"allow":["GET"]}}],"collection":[{"href":"https:\/\/www.huruguen.fr\/site\/wp-json\/wp\/v2\/portfolio"}],"about":[{"href":"https:\/\/www.huruguen.fr\/site\/wp-json\/wp\/v2\/types\/portfolio"}],"author":[{"embeddable":true,"href":"https:\/\/www.huruguen.fr\/site\/wp-json\/wp\/v2\/users\/1"}],"replies":[{"embeddable":true,"href":"https:\/\/www.huruguen.fr\/site\/wp-json\/wp\/v2\/comments?post=53837"}],"wp:featuredmedia":[{"embeddable":true,"href":"https:\/\/www.huruguen.fr\/site\/wp-json\/wp\/v2\/media\/58691"}],"wp:attachment":[{"href":"https:\/\/www.huruguen.fr\/site\/wp-json\/wp\/v2\/media?parent=53837"}],"wp:term":[{"taxonomy":"portfolio-type","embeddable":true,"href":"https:\/\/www.huruguen.fr\/site\/wp-json\/wp\/v2\/portfolio-type?post=53837"}],"curies":[{"name":"wp","href":"https:\/\/api.w.org\/{rel}","templated":true}]}}