{"id":53586,"date":"2016-03-17T18:16:02","date_gmt":"2016-03-17T17:16:02","guid":{"rendered":"http:\/\/www.huruguen.fr\/site\/?post_type=portfolio&#038;p=53586"},"modified":"2022-11-17T10:17:54","modified_gmt":"2022-11-17T09:17:54","slug":"seance-photo-lifestyle-portrait-bordeaux-photographe-pro","status":"publish","type":"portfolio","link":"https:\/\/www.huruguen.fr\/site\/portfolio\/seance-photo-lifestyle-portrait-bordeaux-photographe-pro\/","title":{"rendered":"S\u00e9ance Photo Lifestyle"},"content":{"rendered":"\n<h2 class=\"wp-block-heading\">S\u00e9ance photo Lifestyle en Gironde<\/h2>\n\n\n\n<h3 class=\"wp-block-heading\">Une s\u00e9ance photo simple et \u00e9pur\u00e9e<\/h3>\n\n\n\n<p>Vous n&rsquo;avez jamais pos\u00e9 devant l&rsquo;objectif d&rsquo;un photographe ? Pas de soucis !<br>Nul besoin d&rsquo;\u00eatre mannequin, cette s\u00e9ance photo s&rsquo;adresse \u00e0 <strong>tout le monde<\/strong> !<\/p>\n\n\n\n<p>Une s\u00e9ance photo typ\u00e9e portrait en lumi\u00e8re du jour, sans artifices, tout en <strong>simplicit\u00e9<\/strong> et en <strong>sinc\u00e9rit\u00e9<\/strong>.<\/p>\n\n\n\n<p>Que vous ayez besoin de <strong>nouvelles photos<\/strong> pour actualiser votre CV et dynamiser votre carri\u00e8re, ou juste envie de vous offrir de <strong>belles photos<\/strong> r\u00e9alis\u00e9es par un photographe&nbsp;<strong>professionnel<\/strong>, cette s\u00e9ance photo \u00e0 la fois <strong>spontan\u00e9e<\/strong> et <strong>naturelle<\/strong> est faites pour vous.<\/p>\n\n\n\n<p>Offrez-vous une <strong>s\u00e9ance photo<\/strong> en int\u00e9rieur, ext\u00e9rieur, \u00e0 la maison, c\u2019est vous qui choisissez le lieu et le <strong>th\u00e8me<\/strong> !<\/p>\n\n\n\n<p>L\u2019essentiel, c\u2019est que cela vous<strong> ressemble<\/strong> !<br>Une s\u00e9ance photo id\u00e9ale pour une premi\u00e8re approche et se familiariser avec l&rsquo;objectif.<\/p>\n\n\n\n<h3 class=\"wp-block-heading\">Une s\u00e9ance photo avec un pro \u00e0 Bordeaux<\/h3>\n","protected":false},"excerpt":{"rendered":"<p>S\u00e9ance photo Lifestyle en Gironde Une s\u00e9ance photo simple et \u00e9pur\u00e9e Vous n&rsquo;avez jamais pos\u00e9 devant l&rsquo;objectif d&rsquo;un photographe ? Pas de soucis !Nul besoin d&rsquo;\u00eatre mannequin, cette s\u00e9ance photo s&rsquo;adresse \u00e0 tout le monde ! Une s\u00e9ance photo typ\u00e9e &hellip; <a href=\"https:\/\/www.huruguen.fr\/site\/portfolio\/seance-photo-lifestyle-portrait-bordeaux-photographe-pro\/\">Lire la suite<\/a><\/p>\n","protected":false},"author":1,"featured_media":53570,"menu_order":0,"comment_status":"closed","ping_status":"closed","template":"","meta":{"kt_blocks_editor_width":""},"portfolio-type":[2788],"class_list":["post-53586","portfolio","type-portfolio","status-publish","has-post-thumbnail","hentry","portfolio-type-particuliers"],"yoast_head":"<!-- This site is optimized with the Yoast SEO plugin v27.4 - https:\/\/yoast.com\/product\/yoast-seo-wordpress\/ -->\n<title>S\u00e9ance Photo Lifestyle - Photographe Professionnel \u00e0 Bordeaux &#x1f4f7; Sebastien Huruguen<\/title>\n<meta name=\"description\" content=\"S\u00e9ance photo Lifestyle \u00e0 Bordeaux. Une s\u00e9ance photo en toute simplicit\u00e9, ouverte \u00e0 tous, avec un photographe professionnel.\" \/>\n<meta name=\"robots\" content=\"index, follow, max-snippet:-1, max-image-preview:large, max-video-preview:-1\" \/>\n<link rel=\"canonical\" href=\"https:\/\/www.huruguen.fr\/site\/portfolio\/seance-photo-lifestyle-portrait-bordeaux-photographe-pro\/\" \/>\n<meta property=\"og:locale\" content=\"fr_FR\" \/>\n<meta property=\"og:type\" content=\"article\" \/>\n<meta property=\"og:title\" content=\"S\u00e9ance Photo Lifestyle - Photographe Professionnel \u00e0 Bordeaux &#x1f4f7; Sebastien Huruguen\" \/>\n<meta property=\"og:description\" content=\"S\u00e9ance photo Lifestyle \u00e0 Bordeaux. Une s\u00e9ance photo en toute simplicit\u00e9, ouverte \u00e0 tous, avec un photographe professionnel.\" \/>\n<meta property=\"og:url\" content=\"https:\/\/www.huruguen.fr\/site\/portfolio\/seance-photo-lifestyle-portrait-bordeaux-photographe-pro\/\" \/>\n<meta property=\"og:site_name\" content=\"Photographe Professionnel \u00e0 Bordeaux &#x1f4f7; Sebastien Huruguen\" \/>\n<meta property=\"article:publisher\" content=\"https:\/\/www.facebook.com\/huruguen\" \/>\n<meta property=\"article:modified_time\" content=\"2022-11-17T09:17:54+00:00\" \/>\n<meta property=\"og:image\" content=\"https:\/\/www.huruguen.fr\/site\/wp-content\/uploads\/2016\/03\/MG_6571.jpg\" \/>\n\t<meta property=\"og:image:width\" content=\"1200\" \/>\n\t<meta property=\"og:image:height\" content=\"800\" \/>\n\t<meta property=\"og:image:type\" content=\"image\/jpeg\" \/>\n<meta name=\"twitter:card\" content=\"summary_large_image\" \/>\n<meta name=\"twitter:site\" content=\"@www_huruguen_fr\" \/>\n<meta name=\"twitter:label1\" content=\"Dur\u00e9e de lecture estim\u00e9e\" \/>\n\t<meta name=\"twitter:data1\" content=\"1 minute\" \/>\n<script type=\"application\/ld+json\" class=\"yoast-schema-graph\">{\"@context\":\"https:\\\/\\\/schema.org\",\"@graph\":[{\"@type\":\"WebPage\",\"@id\":\"https:\\\/\\\/www.huruguen.fr\\\/site\\\/portfolio\\\/seance-photo-lifestyle-portrait-bordeaux-photographe-pro\\\/\",\"url\":\"https:\\\/\\\/www.huruguen.fr\\\/site\\\/portfolio\\\/seance-photo-lifestyle-portrait-bordeaux-photographe-pro\\\/\",\"name\":\"S\u00e9ance Photo Lifestyle - Photographe Professionnel \u00e0 Bordeaux &#x1f4f7; Sebastien Huruguen\",\"isPartOf\":{\"@id\":\"https:\\\/\\\/www.huruguen.fr\\\/site\\\/#website\"},\"primaryImageOfPage\":{\"@id\":\"https:\\\/\\\/www.huruguen.fr\\\/site\\\/portfolio\\\/seance-photo-lifestyle-portrait-bordeaux-photographe-pro\\\/#primaryimage\"},\"image\":{\"@id\":\"https:\\\/\\\/www.huruguen.fr\\\/site\\\/portfolio\\\/seance-photo-lifestyle-portrait-bordeaux-photographe-pro\\\/#primaryimage\"},\"thumbnailUrl\":\"https:\\\/\\\/www.huruguen.fr\\\/site\\\/wp-content\\\/uploads\\\/2016\\\/03\\\/MG_6571.jpg\",\"datePublished\":\"2016-03-17T17:16:02+00:00\",\"dateModified\":\"2022-11-17T09:17:54+00:00\",\"description\":\"S\u00e9ance photo Lifestyle \u00e0 Bordeaux. Une s\u00e9ance photo en toute simplicit\u00e9, ouverte \u00e0 tous, avec un photographe professionnel.\",\"breadcrumb\":{\"@id\":\"https:\\\/\\\/www.huruguen.fr\\\/site\\\/portfolio\\\/seance-photo-lifestyle-portrait-bordeaux-photographe-pro\\\/#breadcrumb\"},\"inLanguage\":\"fr-FR\",\"potentialAction\":[{\"@type\":\"ReadAction\",\"target\":[\"https:\\\/\\\/www.huruguen.fr\\\/site\\\/portfolio\\\/seance-photo-lifestyle-portrait-bordeaux-photographe-pro\\\/\"]}]},{\"@type\":\"ImageObject\",\"inLanguage\":\"fr-FR\",\"@id\":\"https:\\\/\\\/www.huruguen.fr\\\/site\\\/portfolio\\\/seance-photo-lifestyle-portrait-bordeaux-photographe-pro\\\/#primaryimage\",\"url\":\"https:\\\/\\\/www.huruguen.fr\\\/site\\\/wp-content\\\/uploads\\\/2016\\\/03\\\/MG_6571.jpg\",\"contentUrl\":\"https:\\\/\\\/www.huruguen.fr\\\/site\\\/wp-content\\\/uploads\\\/2016\\\/03\\\/MG_6571.jpg\",\"width\":1200,\"height\":800,\"caption\":\"MG 6571\"},{\"@type\":\"BreadcrumbList\",\"@id\":\"https:\\\/\\\/www.huruguen.fr\\\/site\\\/portfolio\\\/seance-photo-lifestyle-portrait-bordeaux-photographe-pro\\\/#breadcrumb\",\"itemListElement\":[{\"@type\":\"ListItem\",\"position\":1,\"name\":\"Accueil\",\"item\":\"https:\\\/\\\/www.huruguen.fr\\\/site\\\/\"},{\"@type\":\"ListItem\",\"position\":2,\"name\":\"S\u00e9ance Photo Lifestyle\"}]},{\"@type\":\"WebSite\",\"@id\":\"https:\\\/\\\/www.huruguen.fr\\\/site\\\/#website\",\"url\":\"https:\\\/\\\/www.huruguen.fr\\\/site\\\/\",\"name\":\"Photographe Professionnel \u00e0 Bordeaux Sebastien Huruguen\",\"description\":\"Photographe professionnel ind\u00e9pendant a Bordeaux. Prestations et services photograpphiques pour les professionnels et particuliers : reportages, s\u00e9ances photos, studio, packshot.\",\"publisher\":{\"@id\":\"https:\\\/\\\/www.huruguen.fr\\\/site\\\/#organization\"},\"potentialAction\":[{\"@type\":\"SearchAction\",\"target\":{\"@type\":\"EntryPoint\",\"urlTemplate\":\"https:\\\/\\\/www.huruguen.fr\\\/site\\\/?s={search_term_string}\"},\"query-input\":{\"@type\":\"PropertyValueSpecification\",\"valueRequired\":true,\"valueName\":\"search_term_string\"}}],\"inLanguage\":\"fr-FR\"},{\"@type\":\"Organization\",\"@id\":\"https:\\\/\\\/www.huruguen.fr\\\/site\\\/#organization\",\"name\":\"S\u00e9bastien Huruguen Photographe\",\"url\":\"https:\\\/\\\/www.huruguen.fr\\\/site\\\/\",\"logo\":{\"@type\":\"ImageObject\",\"inLanguage\":\"fr-FR\",\"@id\":\"https:\\\/\\\/www.huruguen.fr\\\/site\\\/#\\\/schema\\\/logo\\\/image\\\/\",\"url\":\"https:\\\/\\\/www.huruguen.fr\\\/site\\\/wp-content\\\/uploads\\\/2018\\\/03\\\/Logo-Huruguen-triptique-2018-noir-1500.jpg\",\"contentUrl\":\"https:\\\/\\\/www.huruguen.fr\\\/site\\\/wp-content\\\/uploads\\\/2018\\\/03\\\/Logo-Huruguen-triptique-2018-noir-1500.jpg\",\"width\":1500,\"height\":1500,\"caption\":\"S\u00e9bastien Huruguen Photographe\"},\"image\":{\"@id\":\"https:\\\/\\\/www.huruguen.fr\\\/site\\\/#\\\/schema\\\/logo\\\/image\\\/\"},\"sameAs\":[\"https:\\\/\\\/www.facebook.com\\\/huruguen\",\"https:\\\/\\\/x.com\\\/www_huruguen_fr\",\"https:\\\/\\\/www.instagram.com\\\/sebastien.huruguen\\\/\"]}]}<\/script>\n<!-- \/ Yoast SEO plugin. -->","yoast_head_json":{"title":"S\u00e9ance Photo Lifestyle - Photographe Professionnel \u00e0 Bordeaux &#x1f4f7; Sebastien Huruguen","description":"S\u00e9ance photo Lifestyle \u00e0 Bordeaux. Une s\u00e9ance photo en toute simplicit\u00e9, ouverte \u00e0 tous, avec un photographe professionnel.","robots":{"index":"index","follow":"follow","max-snippet":"max-snippet:-1","max-image-preview":"max-image-preview:large","max-video-preview":"max-video-preview:-1"},"canonical":"https:\/\/www.huruguen.fr\/site\/portfolio\/seance-photo-lifestyle-portrait-bordeaux-photographe-pro\/","og_locale":"fr_FR","og_type":"article","og_title":"S\u00e9ance Photo Lifestyle - Photographe Professionnel \u00e0 Bordeaux &#x1f4f7; Sebastien Huruguen","og_description":"S\u00e9ance photo Lifestyle \u00e0 Bordeaux. Une s\u00e9ance photo en toute simplicit\u00e9, ouverte \u00e0 tous, avec un photographe professionnel.","og_url":"https:\/\/www.huruguen.fr\/site\/portfolio\/seance-photo-lifestyle-portrait-bordeaux-photographe-pro\/","og_site_name":"Photographe Professionnel \u00e0 Bordeaux &#x1f4f7; Sebastien Huruguen","article_publisher":"https:\/\/www.facebook.com\/huruguen","article_modified_time":"2022-11-17T09:17:54+00:00","og_image":[{"width":1200,"height":800,"url":"https:\/\/www.huruguen.fr\/site\/wp-content\/uploads\/2016\/03\/MG_6571.jpg","type":"image\/jpeg"}],"twitter_card":"summary_large_image","twitter_site":"@www_huruguen_fr","twitter_misc":{"Dur\u00e9e de lecture estim\u00e9e":"1 minute"},"schema":{"@context":"https:\/\/schema.org","@graph":[{"@type":"WebPage","@id":"https:\/\/www.huruguen.fr\/site\/portfolio\/seance-photo-lifestyle-portrait-bordeaux-photographe-pro\/","url":"https:\/\/www.huruguen.fr\/site\/portfolio\/seance-photo-lifestyle-portrait-bordeaux-photographe-pro\/","name":"S\u00e9ance Photo Lifestyle - Photographe Professionnel \u00e0 Bordeaux &#x1f4f7; Sebastien Huruguen","isPartOf":{"@id":"https:\/\/www.huruguen.fr\/site\/#website"},"primaryImageOfPage":{"@id":"https:\/\/www.huruguen.fr\/site\/portfolio\/seance-photo-lifestyle-portrait-bordeaux-photographe-pro\/#primaryimage"},"image":{"@id":"https:\/\/www.huruguen.fr\/site\/portfolio\/seance-photo-lifestyle-portrait-bordeaux-photographe-pro\/#primaryimage"},"thumbnailUrl":"https:\/\/www.huruguen.fr\/site\/wp-content\/uploads\/2016\/03\/MG_6571.jpg","datePublished":"2016-03-17T17:16:02+00:00","dateModified":"2022-11-17T09:17:54+00:00","description":"S\u00e9ance photo Lifestyle \u00e0 Bordeaux. Une s\u00e9ance photo en toute simplicit\u00e9, ouverte \u00e0 tous, avec un photographe professionnel.","breadcrumb":{"@id":"https:\/\/www.huruguen.fr\/site\/portfolio\/seance-photo-lifestyle-portrait-bordeaux-photographe-pro\/#breadcrumb"},"inLanguage":"fr-FR","potentialAction":[{"@type":"ReadAction","target":["https:\/\/www.huruguen.fr\/site\/portfolio\/seance-photo-lifestyle-portrait-bordeaux-photographe-pro\/"]}]},{"@type":"ImageObject","inLanguage":"fr-FR","@id":"https:\/\/www.huruguen.fr\/site\/portfolio\/seance-photo-lifestyle-portrait-bordeaux-photographe-pro\/#primaryimage","url":"https:\/\/www.huruguen.fr\/site\/wp-content\/uploads\/2016\/03\/MG_6571.jpg","contentUrl":"https:\/\/www.huruguen.fr\/site\/wp-content\/uploads\/2016\/03\/MG_6571.jpg","width":1200,"height":800,"caption":"MG 6571"},{"@type":"BreadcrumbList","@id":"https:\/\/www.huruguen.fr\/site\/portfolio\/seance-photo-lifestyle-portrait-bordeaux-photographe-pro\/#breadcrumb","itemListElement":[{"@type":"ListItem","position":1,"name":"Accueil","item":"https:\/\/www.huruguen.fr\/site\/"},{"@type":"ListItem","position":2,"name":"S\u00e9ance Photo Lifestyle"}]},{"@type":"WebSite","@id":"https:\/\/www.huruguen.fr\/site\/#website","url":"https:\/\/www.huruguen.fr\/site\/","name":"Photographe Professionnel \u00e0 Bordeaux Sebastien Huruguen","description":"Photographe professionnel ind\u00e9pendant a Bordeaux. Prestations et services photograpphiques pour les professionnels et particuliers : reportages, s\u00e9ances photos, studio, packshot.","publisher":{"@id":"https:\/\/www.huruguen.fr\/site\/#organization"},"potentialAction":[{"@type":"SearchAction","target":{"@type":"EntryPoint","urlTemplate":"https:\/\/www.huruguen.fr\/site\/?s={search_term_string}"},"query-input":{"@type":"PropertyValueSpecification","valueRequired":true,"valueName":"search_term_string"}}],"inLanguage":"fr-FR"},{"@type":"Organization","@id":"https:\/\/www.huruguen.fr\/site\/#organization","name":"S\u00e9bastien Huruguen Photographe","url":"https:\/\/www.huruguen.fr\/site\/","logo":{"@type":"ImageObject","inLanguage":"fr-FR","@id":"https:\/\/www.huruguen.fr\/site\/#\/schema\/logo\/image\/","url":"https:\/\/www.huruguen.fr\/site\/wp-content\/uploads\/2018\/03\/Logo-Huruguen-triptique-2018-noir-1500.jpg","contentUrl":"https:\/\/www.huruguen.fr\/site\/wp-content\/uploads\/2018\/03\/Logo-Huruguen-triptique-2018-noir-1500.jpg","width":1500,"height":1500,"caption":"S\u00e9bastien Huruguen Photographe"},"image":{"@id":"https:\/\/www.huruguen.fr\/site\/#\/schema\/logo\/image\/"},"sameAs":["https:\/\/www.facebook.com\/huruguen","https:\/\/x.com\/www_huruguen_fr","https:\/\/www.instagram.com\/sebastien.huruguen\/"]}]}},"_links":{"self":[{"href":"https:\/\/www.huruguen.fr\/site\/wp-json\/wp\/v2\/portfolio\/53586","targetHints":{"allow":["GET"]}}],"collection":[{"href":"https:\/\/www.huruguen.fr\/site\/wp-json\/wp\/v2\/portfolio"}],"about":[{"href":"https:\/\/www.huruguen.fr\/site\/wp-json\/wp\/v2\/types\/portfolio"}],"author":[{"embeddable":true,"href":"https:\/\/www.huruguen.fr\/site\/wp-json\/wp\/v2\/users\/1"}],"replies":[{"embeddable":true,"href":"https:\/\/www.huruguen.fr\/site\/wp-json\/wp\/v2\/comments?post=53586"}],"wp:featuredmedia":[{"embeddable":true,"href":"https:\/\/www.huruguen.fr\/site\/wp-json\/wp\/v2\/media\/53570"}],"wp:attachment":[{"href":"https:\/\/www.huruguen.fr\/site\/wp-json\/wp\/v2\/media?parent=53586"}],"wp:term":[{"taxonomy":"portfolio-type","embeddable":true,"href":"https:\/\/www.huruguen.fr\/site\/wp-json\/wp\/v2\/portfolio-type?post=53586"}],"curies":[{"name":"wp","href":"https:\/\/api.w.org\/{rel}","templated":true}]}}